{"id":1567,"date":"2017-04-27T07:53:21","date_gmt":"2017-04-27T05:53:21","guid":{"rendered":"https:\/\/mills.no\/melange\/festkaker\/"},"modified":"2024-02-07T09:15:51","modified_gmt":"2024-02-07T08:15:51","slug":"festkaker","status":"publish","type":"page","link":"https:\/\/mills.no\/melange\/kaker\/festkaker\/","title":{"rendered":"Festkaker"},"content":{"rendered":"<div class=\"mills-block-featured alignwide alignwide wp-block-mills-block-featured\"><img loading=\"lazy\" decoding=\"async\" width=\"1920\" height=\"1000\" style=\"width:100%;height:100%;object-fit:cover\" src=\"https:\/\/mills.no\/content\/uploads\/sites\/3\/2017\/04\/Popcornkake-med-karamell.jpg\" class=\"wp-block-cover__image-background\" alt=\"Popcornkake med karamellsaus. Foto.\" srcset=\"https:\/\/mills.no\/content\/uploads\/sites\/3\/2017\/04\/Popcornkake-med-karamell.jpg 1920w, https:\/\/mills.no\/content\/uploads\/sites\/3\/2017\/04\/Popcornkake-med-karamell-300x156.jpg 300w, https:\/\/mills.no\/content\/uploads\/sites\/3\/2017\/04\/Popcornkake-med-karamell-1024x533.jpg 1024w, https:\/\/mills.no\/content\/uploads\/sites\/3\/2017\/04\/Popcornkake-med-karamell-768x400.jpg 768w, https:\/\/mills.no\/content\/uploads\/sites\/3\/2017\/04\/Popcornkake-med-karamell-1536x800.jpg 1536w, https:\/\/mills.no\/content\/uploads\/sites\/3\/2017\/04\/Popcornkake-med-karamell-80x42.jpg 80w\" sizes=\"auto, (max-width: 1920px) 100vw, 1920px\" \/><div class=\"wp-block-cover__inner-container\">\n<h1 class=\"has-text-align-center wp-block-post-title has-text-color has-neutral-1000-color\">Festkaker<\/h1>\n<p class=\"t2-ingress has-text-align-center align wp-block-t2-ingress\">Enten du skal bake til konfirmasjoner, d\u00e5p eller sommerfester, s\u00e5 finnes det en kake som passer! Her har vi samlet v\u00e5re favorittoppskrifter p\u00e5 festkaker.\n<\/p>\n<div class=\"has-text-align-center mills-published-date wp-block-post-date has-text-color has-neutral-1000-color\"><time datetime=\"2017-04-27T07:53:21+02:00\">27. april 2017<\/time><\/div>\n<\/div><\/div>\n\n\t\t<div class=\"has-background has-neutral-50-background-color is-style-vertical-spacing is-style-horizontal-spacing alignwide wp-block-mills-section has-background has-neutral-50-background-color\">\n\t\t\t<div class=\"wp-block-mills-section__inner alignwide\">\n\t\t\t\t\n<div class=\"t2-featured-content-layout alignwide alignwide wp-block-t2-featured-content-layout\" role=\"list\">\n\n<div class=\"t2-featured-single-post t2-featured-content is-post-type-recipe brand-melange recipe_category-kaker-kos recipe_topic-sjokolade wp-block-t2-featured-single-post\" role=\"listitem\"><a class=\"t2-post-link wp-block-t2-post-link\" href=\"https:\/\/mills.no\/melange\/oppskrift\/oreokake\/\">\n<figure style=\"--t2-focal-point: 50% 50%;\" class=\"t2-post-featured-image has-image-ratio-16-9 wp-block-t2-post-featured-image\"><img loading=\"lazy\" decoding=\"async\" width=\"1600\" height=\"1014\" src=\"https:\/\/mills.no\/content\/uploads\/2019\/04\/Oreo-kake.jpg\" class=\"attachment-medium-large size-medium-large wp-post-image\" alt=\"Oreokake\" srcset=\"https:\/\/mills.no\/content\/uploads\/2019\/04\/Oreo-kake.jpg 1600w, https:\/\/mills.no\/content\/uploads\/2019\/04\/Oreo-kake-300x190.jpg 300w, https:\/\/mills.no\/content\/uploads\/2019\/04\/Oreo-kake-1024x649.jpg 1024w, https:\/\/mills.no\/content\/uploads\/2019\/04\/Oreo-kake-768x487.jpg 768w, https:\/\/mills.no\/content\/uploads\/2019\/04\/Oreo-kake-1536x973.jpg 1536w, https:\/\/mills.no\/content\/uploads\/2019\/04\/Oreo-kake-80x51.jpg 80w\" sizes=\"auto, (max-width: 1600px) 100vw, 1600px\" \/><\/figure>\n\n<div class=\"wp-block-group alignfull is-layout-flow wp-block-group-is-layout-flow\">\n\t<h2 class=\"t2-post-title wp-block-t2-post-title\">Oreokake<\/h2>\n\t<div class=\"t2-post-excerpt wp-block-t2-post-excerpt\"><p>Kakefatene t\u00f8mmes ekstra kjapt n\u00e5r denne imponerende oreokaken settes p\u00e5 bordet. Det er lett \u00e5 forst\u00e5 n\u00e5r du f\u00f8rst f\u00e5r&hellip;<\/p><\/div>\n\t\n\t\t<div class=\"wp-block-mills-block-recipe-info\">\n\t\t\t<div class=\"mills-block-recipe-info-item mills-block-recipe-info-item--difficulty\">Middels<\/div>\n\t\t\t<div class=\"mills-block-recipe-info-item mills-block-recipe-info-item--time\">3 t<\/div>\n\t\t<\/div>\n<\/div>\n\n<\/a>\n<\/div>\n<div class=\"t2-featured-single-post t2-featured-content is-post-type-recipe brand-melange recipe_category-allergivennlig recipe_category-kaker-kos recipe_topic-paske recipe_topic-sjokolade wp-block-t2-featured-single-post\" role=\"listitem\"><a class=\"t2-post-link wp-block-t2-post-link\" href=\"https:\/\/mills.no\/melange\/oppskrift\/firkloverkake\/\">\n<figure style=\"--t2-focal-point: 50% 50%;\" class=\"t2-post-featured-image has-image-ratio-16-9 wp-block-t2-post-featured-image\"><img loading=\"lazy\" decoding=\"async\" width=\"1920\" height=\"1280\" src=\"https:\/\/mills.no\/content\/uploads\/2020\/01\/FirklC3B8verkake_1920.jpg\" class=\"attachment-medium-large size-medium-large wp-post-image\" alt=\"Firkl\u00f8verkake\" srcset=\"https:\/\/mills.no\/content\/uploads\/2020\/01\/FirklC3B8verkake_1920.jpg 1920w, https:\/\/mills.no\/content\/uploads\/2020\/01\/FirklC3B8verkake_1920-300x200.jpg 300w, https:\/\/mills.no\/content\/uploads\/2020\/01\/FirklC3B8verkake_1920-1024x683.jpg 1024w, https:\/\/mills.no\/content\/uploads\/2020\/01\/FirklC3B8verkake_1920-768x512.jpg 768w, https:\/\/mills.no\/content\/uploads\/2020\/01\/FirklC3B8verkake_1920-1536x1024.jpg 1536w, https:\/\/mills.no\/content\/uploads\/2020\/01\/FirklC3B8verkake_1920-80x53.jpg 80w\" sizes=\"auto, (max-width: 1920px) 100vw, 1920px\" \/><\/figure>\n\n<div class=\"wp-block-group alignfull is-layout-flow wp-block-group-is-layout-flow\">\n\t<h2 class=\"t2-post-title wp-block-t2-post-title\">Firkl\u00f8verkake<\/h2>\n\t<div class=\"t2-post-excerpt wp-block-t2-post-excerpt\"><p>Saftig n\u00f8ttebunn med fyldig, gul krem og firkl\u00f8verglasur som smelter p\u00e5 tunga. Denne kaken vil garantert forsvinne fort fra kakebordet.&hellip;<\/p><\/div>\n\t\n\t\t<div class=\"wp-block-mills-block-recipe-info\">\n\t\t\t<div class=\"mills-block-recipe-info-item mills-block-recipe-info-item--difficulty\">Middels<\/div>\n\t\t\t<div class=\"mills-block-recipe-info-item mills-block-recipe-info-item--time\">2 t 30 min<\/div>\n\t\t<\/div>\n<\/div>\n\n<\/a>\n<\/div>\n<div class=\"t2-featured-single-post t2-featured-content is-post-type-recipe brand-melange recipe_category-allergivennlig recipe_category-kaker-kos recipe_topic-bursdag wp-block-t2-featured-single-post\" role=\"listitem\"><a class=\"t2-post-link wp-block-t2-post-link\" href=\"https:\/\/mills.no\/melange\/oppskrift\/daimkake-i-langpanne\/\">\n<figure style=\"--t2-focal-point: 50% 50%;\" class=\"t2-post-featured-image has-image-ratio-16-9 wp-block-t2-post-featured-image\"><img loading=\"lazy\" decoding=\"async\" width=\"1600\" height=\"1002\" src=\"https:\/\/mills.no\/content\/uploads\/2018\/05\/Daimkake-i-langpanne.jpg\" class=\"attachment-medium-large size-medium-large wp-post-image\" alt=\"Daimkake i langpanne\" srcset=\"https:\/\/mills.no\/content\/uploads\/2018\/05\/Daimkake-i-langpanne.jpg 1600w, https:\/\/mills.no\/content\/uploads\/2018\/05\/Daimkake-i-langpanne-300x188.jpg 300w, https:\/\/mills.no\/content\/uploads\/2018\/05\/Daimkake-i-langpanne-1024x641.jpg 1024w, https:\/\/mills.no\/content\/uploads\/2018\/05\/Daimkake-i-langpanne-768x481.jpg 768w, https:\/\/mills.no\/content\/uploads\/2018\/05\/Daimkake-i-langpanne-1536x962.jpg 1536w, https:\/\/mills.no\/content\/uploads\/2018\/05\/Daimkake-i-langpanne-80x50.jpg 80w\" sizes=\"auto, (max-width: 1600px) 100vw, 1600px\" \/><\/figure>\n\n<div class=\"wp-block-group alignfull is-layout-flow wp-block-group-is-layout-flow\">\n\t<h2 class=\"t2-post-title wp-block-t2-post-title\">Daimkake i langpanne<\/h2>\n\t<div class=\"t2-post-excerpt wp-block-t2-post-excerpt\"><p>Dette er en himmelsk langpannekake med en knasende god n\u00f8ttebunn med daim, toppet med en fyldig eggekrem og sjokolade. Daimkake&hellip;<\/p><\/div>\n\t\n\t\t<div class=\"wp-block-mills-block-recipe-info\">\n\t\t\t<div class=\"mills-block-recipe-info-item mills-block-recipe-info-item--difficulty\">Middels<\/div>\n\t\t\t<div class=\"mills-block-recipe-info-item mills-block-recipe-info-item--time\">1 t 30 min<\/div>\n\t\t<\/div>\n<\/div>\n\n<\/a>\n<\/div>\n<div class=\"t2-featured-single-post t2-featured-content is-post-type-recipe brand-melange recipe_category-kaker-kos recipe_topic-17-mai recipe_topic-bakst recipe_topic-bursdag wp-block-t2-featured-single-post\" role=\"listitem\"><a class=\"t2-post-link wp-block-t2-post-link\" href=\"https:\/\/mills.no\/melange\/oppskrift\/kokosbollekake\/\">\n<figure style=\"--t2-focal-point: 50% 50%;\" class=\"t2-post-featured-image has-image-ratio-16-9 wp-block-t2-post-featured-image\"><img loading=\"lazy\" decoding=\"async\" width=\"1600\" height=\"1067\" src=\"https:\/\/mills.no\/content\/uploads\/2020\/02\/Kokosbollekake-med-stykke.jpg\" class=\"attachment-medium-large size-medium-large wp-post-image\" alt=\"Kokosbollekake med stykke pent plassert p\u00e5 et kakefat\" srcset=\"https:\/\/mills.no\/content\/uploads\/2020\/02\/Kokosbollekake-med-stykke.jpg 1600w, https:\/\/mills.no\/content\/uploads\/2020\/02\/Kokosbollekake-med-stykke-300x200.jpg 300w, https:\/\/mills.no\/content\/uploads\/2020\/02\/Kokosbollekake-med-stykke-1024x683.jpg 1024w, https:\/\/mills.no\/content\/uploads\/2020\/02\/Kokosbollekake-med-stykke-768x512.jpg 768w, https:\/\/mills.no\/content\/uploads\/2020\/02\/Kokosbollekake-med-stykke-1536x1024.jpg 1536w, https:\/\/mills.no\/content\/uploads\/2020\/02\/Kokosbollekake-med-stykke-80x53.jpg 80w\" sizes=\"auto, (max-width: 1600px) 100vw, 1600px\" \/><\/figure>\n\n<div class=\"wp-block-group alignfull is-layout-flow wp-block-group-is-layout-flow\">\n\t<h2 class=\"t2-post-title wp-block-t2-post-title\">Kokosbollekake<\/h2>\n\t<div class=\"t2-post-excerpt wp-block-t2-post-excerpt\"><p>Denne delikate og luftige kokosbollekaken er en favoritt blant b\u00e5de sm\u00e5 og store. Kaken lages helt uten steking, men litt&hellip;<\/p><\/div>\n\t\n\t\t<div class=\"wp-block-mills-block-recipe-info\">\n\t\t\t<div class=\"mills-block-recipe-info-item mills-block-recipe-info-item--difficulty\">Middels<\/div>\n\t\t\t<div class=\"mills-block-recipe-info-item mills-block-recipe-info-item--time\">6 t<\/div>\n\t\t<\/div>\n<\/div>\n\n<\/a>\n<\/div>\n<div class=\"t2-featured-single-post t2-featured-content is-post-type-recipe brand-melange recipe_category-kaker-kos recipe_topic-17-mai recipe_topic-bursdag wp-block-t2-featured-single-post\" role=\"listitem\"><a class=\"t2-post-link wp-block-t2-post-link\" href=\"https:\/\/mills.no\/melange\/oppskrift\/iskake-med-bringebaer\/\">\n<figure style=\"--t2-focal-point: 50% 50%;\" class=\"t2-post-featured-image has-image-ratio-16-9 wp-block-t2-post-featured-image\"><img loading=\"lazy\" decoding=\"async\" width=\"1600\" height=\"1067\" src=\"https:\/\/mills.no\/content\/uploads\/2018\/04\/Iskake.jpg\" class=\"attachment-medium-large size-medium-large wp-post-image\" alt=\"Iskake med bringeb\u00e6r\" srcset=\"https:\/\/mills.no\/content\/uploads\/2018\/04\/Iskake.jpg 1600w, https:\/\/mills.no\/content\/uploads\/2018\/04\/Iskake-300x200.jpg 300w, https:\/\/mills.no\/content\/uploads\/2018\/04\/Iskake-1024x683.jpg 1024w, https:\/\/mills.no\/content\/uploads\/2018\/04\/Iskake-768x512.jpg 768w, https:\/\/mills.no\/content\/uploads\/2018\/04\/Iskake-1536x1024.jpg 1536w, https:\/\/mills.no\/content\/uploads\/2018\/04\/Iskake-80x53.jpg 80w\" sizes=\"auto, (max-width: 1600px) 100vw, 1600px\" \/><\/figure>\n\n<div class=\"wp-block-group alignfull is-layout-flow wp-block-group-is-layout-flow\">\n\t<h2 class=\"t2-post-title wp-block-t2-post-title\">Iskake med bringeb\u00e6r<\/h2>\n\t<div class=\"t2-post-excerpt wp-block-t2-post-excerpt\"><p>Denne lekre og friske iskaken er laget av fl\u00f8yelsmyk vaniljeiskrem, fylt med bringeb\u00e6r, p\u00e5 en knasende god kjeksbunn. Noe av&hellip;<\/p><\/div>\n\t\n\t\t<div class=\"wp-block-mills-block-recipe-info\">\n\t\t\t<div class=\"mills-block-recipe-info-item mills-block-recipe-info-item--difficulty\">Enkel<\/div>\n\t\t\t<div class=\"mills-block-recipe-info-item mills-block-recipe-info-item--time\">1 t<\/div>\n\t\t<\/div>\n<\/div>\n\n<\/a>\n<\/div>\n<div class=\"t2-featured-single-post t2-featured-content is-post-type-recipe brand-melange recipe_category-kaker-kos recipe_topic-17-mai recipe_topic-bursdag wp-block-t2-featured-single-post\" role=\"listitem\"><a class=\"t2-post-link wp-block-t2-post-link\" href=\"https:\/\/mills.no\/melange\/oppskrift\/popcornkake-med-karamellkrem\/\">\n<figure style=\"--t2-focal-point: 50% 50%;\" class=\"t2-post-featured-image has-image-ratio-16-9 wp-block-t2-post-featured-image\"><img loading=\"lazy\" decoding=\"async\" width=\"1920\" height=\"1000\" src=\"https:\/\/mills.no\/content\/uploads\/2017\/04\/Popcornkake-med-karamell.jpg\" class=\"attachment-medium-large size-medium-large wp-post-image\" alt=\"Popcornkake med karamellsaus. Foto.\" srcset=\"https:\/\/mills.no\/content\/uploads\/2017\/04\/Popcornkake-med-karamell.jpg 1920w, https:\/\/mills.no\/content\/uploads\/2017\/04\/Popcornkake-med-karamell-300x156.jpg 300w, https:\/\/mills.no\/content\/uploads\/2017\/04\/Popcornkake-med-karamell-1024x533.jpg 1024w, https:\/\/mills.no\/content\/uploads\/2017\/04\/Popcornkake-med-karamell-768x400.jpg 768w, https:\/\/mills.no\/content\/uploads\/2017\/04\/Popcornkake-med-karamell-1536x800.jpg 1536w, https:\/\/mills.no\/content\/uploads\/2017\/04\/Popcornkake-med-karamell-80x42.jpg 80w\" sizes=\"auto, (max-width: 1920px) 100vw, 1920px\" \/><\/figure>\n\n<div class=\"wp-block-group alignfull is-layout-flow wp-block-group-is-layout-flow\">\n\t<h2 class=\"t2-post-title wp-block-t2-post-title\">Popcornkake med salt karamellkrem<\/h2>\n\t<div class=\"t2-post-excerpt wp-block-t2-post-excerpt\"><p>Har du lyst til \u00e5 lage en kake som skiller seg ut p\u00e5 kakebordet? Da b\u00f8r du pr\u00f8ve denne imponerende&hellip;<\/p><\/div>\n\t\n\t\t<div class=\"wp-block-mills-block-recipe-info\">\n\t\t\t<div class=\"mills-block-recipe-info-item mills-block-recipe-info-item--difficulty\">Avansert<\/div>\n\t\t\t<div class=\"mills-block-recipe-info-item mills-block-recipe-info-item--time\">2 t<\/div>\n\t\t<\/div>\n<\/div>\n\n<\/a>\n<\/div>\n<div class=\"t2-featured-single-post t2-featured-content is-post-type-recipe brand-melange recipe_category-kaker-kos recipe_topic-bakst wp-block-t2-featured-single-post\" role=\"listitem\"><a class=\"t2-post-link wp-block-t2-post-link\" href=\"https:\/\/mills.no\/melange\/oppskrift\/kvaefjordkake-verdens-beste\/\">\n<figure style=\"--t2-focal-point: 50% 50%;\" class=\"t2-post-featured-image has-image-ratio-16-9 wp-block-t2-post-featured-image\"><img loading=\"lazy\" decoding=\"async\" width=\"1600\" height=\"1067\" src=\"https:\/\/mills.no\/content\/uploads\/2018\/02\/KvC3A6fjordkake-hel.jpg\" class=\"attachment-medium-large size-medium-large wp-post-image\" alt=\"Kv\u00e6fjordkake - verdens beste\" srcset=\"https:\/\/mills.no\/content\/uploads\/2018\/02\/KvC3A6fjordkake-hel.jpg 1600w, https:\/\/mills.no\/content\/uploads\/2018\/02\/KvC3A6fjordkake-hel-300x200.jpg 300w, https:\/\/mills.no\/content\/uploads\/2018\/02\/KvC3A6fjordkake-hel-1024x683.jpg 1024w, https:\/\/mills.no\/content\/uploads\/2018\/02\/KvC3A6fjordkake-hel-768x512.jpg 768w, https:\/\/mills.no\/content\/uploads\/2018\/02\/KvC3A6fjordkake-hel-1536x1024.jpg 1536w, https:\/\/mills.no\/content\/uploads\/2018\/02\/KvC3A6fjordkake-hel-80x53.jpg 80w\" sizes=\"auto, (max-width: 1600px) 100vw, 1600px\" \/><\/figure>\n\n<div class=\"wp-block-group alignfull is-layout-flow wp-block-group-is-layout-flow\">\n\t<h2 class=\"t2-post-title wp-block-t2-post-title\">Kv\u00e6fjordkake &#8211; Verdens beste<\/h2>\n\t<div class=\"t2-post-excerpt wp-block-t2-post-excerpt\"><p>Kaken som i 2002 ble k\u00e5ret til Norges nasjonalkake av Nitimens lyttere, er kjent b\u00e5de som kv\u00e6fjordkake, verdens beste og&hellip;<\/p><\/div>\n\t\n\t\t<div class=\"wp-block-mills-block-recipe-info\">\n\t\t\t<div class=\"mills-block-recipe-info-item mills-block-recipe-info-item--difficulty\">Middels<\/div>\n\t\t\t<div class=\"mills-block-recipe-info-item mills-block-recipe-info-item--time\">1 t 10 min<\/div>\n\t\t<\/div>\n<\/div>\n\n<\/a>\n<\/div>\n<div class=\"t2-featured-single-post t2-featured-content is-post-type-recipe brand-melange recipe_category-kaker-kos recipe_topic-17-mai recipe_topic-bursdag wp-block-t2-featured-single-post\" role=\"listitem\"><a class=\"t2-post-link wp-block-t2-post-link\" href=\"https:\/\/mills.no\/melange\/oppskrift\/pavlova-med-vaniljekrem\/\">\n<figure style=\"--t2-focal-point: 50% 50%;\" class=\"t2-post-featured-image has-image-ratio-16-9 wp-block-t2-post-featured-image\"><img loading=\"lazy\" decoding=\"async\" width=\"1920\" height=\"1280\" src=\"https:\/\/mills.no\/content\/uploads\/2017\/05\/Pavlova-med-vaniljekrem.jpg\" class=\"attachment-medium-large size-medium-large wp-post-image\" alt=\"Pavlova med vaniljekrem og b\u00e6r. Foto.\" srcset=\"https:\/\/mills.no\/content\/uploads\/2017\/05\/Pavlova-med-vaniljekrem.jpg 1920w, https:\/\/mills.no\/content\/uploads\/2017\/05\/Pavlova-med-vaniljekrem-300x200.jpg 300w, https:\/\/mills.no\/content\/uploads\/2017\/05\/Pavlova-med-vaniljekrem-1024x683.jpg 1024w, https:\/\/mills.no\/content\/uploads\/2017\/05\/Pavlova-med-vaniljekrem-768x512.jpg 768w, https:\/\/mills.no\/content\/uploads\/2017\/05\/Pavlova-med-vaniljekrem-1536x1024.jpg 1536w, https:\/\/mills.no\/content\/uploads\/2017\/05\/Pavlova-med-vaniljekrem-80x53.jpg 80w\" sizes=\"auto, (max-width: 1920px) 100vw, 1920px\" \/><\/figure>\n\n<div class=\"wp-block-group alignfull is-layout-flow wp-block-group-is-layout-flow\">\n\t<h2 class=\"t2-post-title wp-block-t2-post-title\">Pavlova med vaniljekrem og b\u00e6r<\/h2>\n\t<div class=\"t2-post-excerpt wp-block-t2-post-excerpt\"><p>Oppkalt etter den russiske ballerinaen Anna Pavlova, er dette en kake som har gjort sitt inntog p\u00e5 kakebord verden over.&hellip;<\/p><\/div>\n\t\n\t\t<div class=\"wp-block-mills-block-recipe-info\">\n\t\t\t<div class=\"mills-block-recipe-info-item mills-block-recipe-info-item--difficulty\">Middels<\/div>\n\t\t\t<div class=\"mills-block-recipe-info-item mills-block-recipe-info-item--time\">2 t<\/div>\n\t\t<\/div>\n<\/div>\n\n<\/a>\n<\/div>\n<div class=\"t2-featured-single-post t2-featured-content is-post-type-recipe brand-melange recipe_category-allergivennlig recipe_category-kaker-kos recipe_topic-17-mai recipe_topic-bursdag recipe_topic-sjokolade wp-block-t2-featured-single-post\" role=\"listitem\"><a class=\"t2-post-link wp-block-t2-post-link\" href=\"https:\/\/mills.no\/melange\/oppskrift\/marengskake-sjokolade-karamellkrem\/\">\n<figure style=\"--t2-focal-point: 50% 50%;\" class=\"t2-post-featured-image has-image-ratio-16-9 wp-block-t2-post-featured-image\"><img loading=\"lazy\" decoding=\"async\" width=\"1600\" height=\"1043\" src=\"https:\/\/mills.no\/content\/uploads\/2018\/05\/Glutenfri-toffifee-kake.jpg\" class=\"attachment-medium-large size-medium-large wp-post-image\" alt=\"Glutenfri marengskake med toffifee\" srcset=\"https:\/\/mills.no\/content\/uploads\/2018\/05\/Glutenfri-toffifee-kake.jpg 1600w, https:\/\/mills.no\/content\/uploads\/2018\/05\/Glutenfri-toffifee-kake-300x196.jpg 300w, https:\/\/mills.no\/content\/uploads\/2018\/05\/Glutenfri-toffifee-kake-1024x668.jpg 1024w, https:\/\/mills.no\/content\/uploads\/2018\/05\/Glutenfri-toffifee-kake-768x501.jpg 768w, https:\/\/mills.no\/content\/uploads\/2018\/05\/Glutenfri-toffifee-kake-1536x1001.jpg 1536w, https:\/\/mills.no\/content\/uploads\/2018\/05\/Glutenfri-toffifee-kake-80x52.jpg 80w\" sizes=\"auto, (max-width: 1600px) 100vw, 1600px\" \/><\/figure>\n\n<div class=\"wp-block-group alignfull is-layout-flow wp-block-group-is-layout-flow\">\n\t<h2 class=\"t2-post-title wp-block-t2-post-title\">Marengskake med sjokolade og karamellkrem<\/h2>\n\t<div class=\"t2-post-excerpt wp-block-t2-post-excerpt\"><p>Dette er en skikkelig festkake med en knasende god marengs og en vidunderlig krem av sjokolade og karamell. En fyldig&hellip;<\/p><\/div>\n\t\n\t\t<div class=\"wp-block-mills-block-recipe-info\">\n\t\t\t<div class=\"mills-block-recipe-info-item mills-block-recipe-info-item--difficulty\">Middels<\/div>\n\t\t\t<div class=\"mills-block-recipe-info-item mills-block-recipe-info-item--time\">2 t<\/div>\n\t\t<\/div>\n<\/div>\n\n<\/a>\n<\/div>\n<div class=\"t2-featured-single-post t2-featured-content is-post-type-recipe brand-melange recipe_category-kaker-kos recipe_topic-bursdag wp-block-t2-featured-single-post\" role=\"listitem\"><a class=\"t2-post-link wp-block-t2-post-link\" href=\"https:\/\/mills.no\/melange\/oppskrift\/klassisk-jordbaerkake\/\">\n<figure style=\"--t2-focal-point: 50% 50%;\" class=\"t2-post-featured-image has-image-ratio-16-9 wp-block-t2-post-featured-image\"><img loading=\"lazy\" decoding=\"async\" width=\"1920\" height=\"1280\" src=\"https:\/\/mills.no\/content\/uploads\/2017\/06\/Jordbaerkake.jpg\" class=\"attachment-medium-large size-medium-large wp-post-image\" alt=\"Klassisk jordb\u00e6rkake med lime. Foto.\" srcset=\"https:\/\/mills.no\/content\/uploads\/2017\/06\/Jordbaerkake.jpg 1920w, https:\/\/mills.no\/content\/uploads\/2017\/06\/Jordbaerkake-300x200.jpg 300w, https:\/\/mills.no\/content\/uploads\/2017\/06\/Jordbaerkake-1024x683.jpg 1024w, https:\/\/mills.no\/content\/uploads\/2017\/06\/Jordbaerkake-768x512.jpg 768w, https:\/\/mills.no\/content\/uploads\/2017\/06\/Jordbaerkake-1536x1024.jpg 1536w, https:\/\/mills.no\/content\/uploads\/2017\/06\/Jordbaerkake-80x53.jpg 80w\" sizes=\"auto, (max-width: 1920px) 100vw, 1920px\" \/><\/figure>\n\n<div class=\"wp-block-group alignfull is-layout-flow wp-block-group-is-layout-flow\">\n\t<h2 class=\"t2-post-title wp-block-t2-post-title\">Klassisk jordb\u00e6rkake med lime<\/h2>\n\t<div class=\"t2-post-excerpt wp-block-t2-post-excerpt\"><p>Det er f\u00e5 ting som smaker av sommer som en klassisk jordb\u00e6rkake. I denne oppskriften har vi tatt den klassiske&hellip;<\/p><\/div>\n\t\n\t\t<div class=\"wp-block-mills-block-recipe-info\">\n\t\t\t<div class=\"mills-block-recipe-info-item mills-block-recipe-info-item--difficulty\">Middels<\/div>\n\t\t\t<div class=\"mills-block-recipe-info-item mills-block-recipe-info-item--time\">1 t 30 min<\/div>\n\t\t<\/div>\n<\/div>\n\n<\/a>\n<\/div>\n<div class=\"t2-featured-single-post t2-featured-content is-post-type-recipe brand-melange recipe_category-kaker-kos recipe_topic-17-mai recipe_topic-sjokolade wp-block-t2-featured-single-post\" role=\"listitem\"><a class=\"t2-post-link wp-block-t2-post-link\" href=\"https:\/\/mills.no\/melange\/oppskrift\/red-velvet-kake\/\">\n<figure style=\"--t2-focal-point: 50% 50%;\" class=\"t2-post-featured-image has-image-ratio-16-9 wp-block-t2-post-featured-image\"><img loading=\"lazy\" decoding=\"async\" width=\"1600\" height=\"1067\" src=\"https:\/\/mills.no\/content\/uploads\/2018\/04\/Red-Velvet-kake.jpg\" class=\"attachment-medium-large size-medium-large wp-post-image\" alt=\"Red velvet-kake med ostekremglasur og b\u00e6r\" srcset=\"https:\/\/mills.no\/content\/uploads\/2018\/04\/Red-Velvet-kake.jpg 1600w, https:\/\/mills.no\/content\/uploads\/2018\/04\/Red-Velvet-kake-300x200.jpg 300w, https:\/\/mills.no\/content\/uploads\/2018\/04\/Red-Velvet-kake-1024x683.jpg 1024w, https:\/\/mills.no\/content\/uploads\/2018\/04\/Red-Velvet-kake-768x512.jpg 768w, https:\/\/mills.no\/content\/uploads\/2018\/04\/Red-Velvet-kake-1536x1024.jpg 1536w, https:\/\/mills.no\/content\/uploads\/2018\/04\/Red-Velvet-kake-80x53.jpg 80w\" sizes=\"auto, (max-width: 1600px) 100vw, 1600px\" \/><\/figure>\n\n<div class=\"wp-block-group alignfull is-layout-flow wp-block-group-is-layout-flow\">\n\t<h2 class=\"t2-post-title wp-block-t2-post-title\">Red velvet-kake<\/h2>\n\t<div class=\"t2-post-excerpt wp-block-t2-post-excerpt\"><p>Denne kaken er en amerikansk klassiker, som til tross for sin ildr\u00f8de farge, er en saftig og fl\u00f8yelsmyk sjokoladekake. Den&hellip;<\/p><\/div>\n\t\n\t\t<div class=\"wp-block-mills-block-recipe-info\">\n\t\t\t<div class=\"mills-block-recipe-info-item mills-block-recipe-info-item--difficulty\">Middels<\/div>\n\t\t\t<div class=\"mills-block-recipe-info-item mills-block-recipe-info-item--time\">1 t<\/div>\n\t\t<\/div>\n<\/div>\n\n<\/a>\n<\/div>\n<div class=\"t2-featured-single-post t2-featured-content is-post-type-recipe brand-melange recipe_category-allergivennlig recipe_category-kaker-kos recipe_topic-17-mai recipe_topic-bursdag wp-block-t2-featured-single-post\" role=\"listitem\"><a class=\"t2-post-link wp-block-t2-post-link\" href=\"https:\/\/mills.no\/melange\/oppskrift\/jordbaerostekake\/\">\n<figure style=\"--t2-focal-point: 50% 50%;\" class=\"t2-post-featured-image has-image-ratio-16-9 wp-block-t2-post-featured-image\"><img loading=\"lazy\" decoding=\"async\" width=\"1600\" height=\"1067\" src=\"https:\/\/mills.no\/content\/uploads\/2018\/05\/Glutenfri-ostekake.jpg\" class=\"attachment-medium-large size-medium-large wp-post-image\" alt=\"Glutenfri ostekake med jordb\u00e6r\" srcset=\"https:\/\/mills.no\/content\/uploads\/2018\/05\/Glutenfri-ostekake.jpg 1600w, https:\/\/mills.no\/content\/uploads\/2018\/05\/Glutenfri-ostekake-300x200.jpg 300w, https:\/\/mills.no\/content\/uploads\/2018\/05\/Glutenfri-ostekake-1024x683.jpg 1024w, https:\/\/mills.no\/content\/uploads\/2018\/05\/Glutenfri-ostekake-768x512.jpg 768w, https:\/\/mills.no\/content\/uploads\/2018\/05\/Glutenfri-ostekake-1536x1024.jpg 1536w, https:\/\/mills.no\/content\/uploads\/2018\/05\/Glutenfri-ostekake-80x53.jpg 80w\" sizes=\"auto, (max-width: 1600px) 100vw, 1600px\" \/><\/figure>\n\n<div class=\"wp-block-group alignfull is-layout-flow wp-block-group-is-layout-flow\">\n\t<h2 class=\"t2-post-title wp-block-t2-post-title\">Jordb\u00e6rostekake<\/h2>\n\t<div class=\"t2-post-excerpt wp-block-t2-post-excerpt\"><p>Dette er en frisk og fyldig jordb\u00e6rostekake som er laget med en knasende god glutenfri kjeksbunn. Denne festkaken kan du&hellip;<\/p><\/div>\n\t\n\t\t<div class=\"wp-block-mills-block-recipe-info\">\n\t\t\t<div class=\"mills-block-recipe-info-item mills-block-recipe-info-item--difficulty\">Middels<\/div>\n\t\t\t<div class=\"mills-block-recipe-info-item mills-block-recipe-info-item--time\">4 t 50 min<\/div>\n\t\t<\/div>\n<\/div>\n\n<\/a>\n<\/div>\n<div class=\"t2-featured-single-post t2-featured-content is-post-type-recipe brand-melange recipe_category-kaker-kos recipe_topic-bursdag wp-block-t2-featured-single-post\" role=\"listitem\"><a class=\"t2-post-link wp-block-t2-post-link\" href=\"https:\/\/mills.no\/melange\/oppskrift\/oreo-cupcakes\/\">\n<figure style=\"--t2-focal-point: 50% 50%;\" class=\"t2-post-featured-image has-image-ratio-16-9 wp-block-t2-post-featured-image\"><img loading=\"lazy\" decoding=\"async\" width=\"1920\" height=\"1000\" src=\"https:\/\/mills.no\/content\/uploads\/2017\/04\/Oreo-cupcakes.jpg\" class=\"attachment-medium-large size-medium-large wp-post-image\" alt=\"Oreo cupcakes. Foto.\" srcset=\"https:\/\/mills.no\/content\/uploads\/2017\/04\/Oreo-cupcakes.jpg 1920w, https:\/\/mills.no\/content\/uploads\/2017\/04\/Oreo-cupcakes-300x156.jpg 300w, https:\/\/mills.no\/content\/uploads\/2017\/04\/Oreo-cupcakes-1024x533.jpg 1024w, https:\/\/mills.no\/content\/uploads\/2017\/04\/Oreo-cupcakes-768x400.jpg 768w, https:\/\/mills.no\/content\/uploads\/2017\/04\/Oreo-cupcakes-1536x800.jpg 1536w, https:\/\/mills.no\/content\/uploads\/2017\/04\/Oreo-cupcakes-80x42.jpg 80w\" sizes=\"auto, (max-width: 1920px) 100vw, 1920px\" \/><\/figure>\n\n<div class=\"wp-block-group alignfull is-layout-flow wp-block-group-is-layout-flow\">\n\t<h2 class=\"t2-post-title wp-block-t2-post-title\">Oreo cupcakes<\/h2>\n\t<div class=\"t2-post-excerpt wp-block-t2-post-excerpt\"><p>Oreokaken har p\u00e5 kort tid rukket \u00e5 bli en klassiker verden over. Den gode smaken av sjokolade, sammen med fyldig&hellip;<\/p><\/div>\n\t\n\t\t<div class=\"wp-block-mills-block-recipe-info\">\n\t\t\t<div class=\"mills-block-recipe-info-item mills-block-recipe-info-item--difficulty\">Middels<\/div>\n\t\t\t<div class=\"mills-block-recipe-info-item mills-block-recipe-info-item--time\">45 min<\/div>\n\t\t<\/div>\n<\/div>\n\n<\/a>\n<\/div>\n<div class=\"t2-featured-single-post t2-featured-content is-post-type-recipe brand-melange recipe_category-kaker-kos recipe_topic-bakst wp-block-t2-featured-single-post\" role=\"listitem\"><a class=\"t2-post-link wp-block-t2-post-link\" href=\"https:\/\/mills.no\/melange\/oppskrift\/gulrotrullekake\/\">\n<figure style=\"--t2-focal-point: 50% 50%;\" class=\"t2-post-featured-image has-image-ratio-16-9 wp-block-t2-post-featured-image\"><img loading=\"lazy\" decoding=\"async\" width=\"1600\" height=\"1067\" src=\"https:\/\/mills.no\/content\/uploads\/2018\/02\/Gulrotrullekake.jpg\" class=\"attachment-medium-large size-medium-large wp-post-image\" alt=\"Gulrotrullekake med ostekrem\" srcset=\"https:\/\/mills.no\/content\/uploads\/2018\/02\/Gulrotrullekake.jpg 1600w, https:\/\/mills.no\/content\/uploads\/2018\/02\/Gulrotrullekake-300x200.jpg 300w, https:\/\/mills.no\/content\/uploads\/2018\/02\/Gulrotrullekake-1024x683.jpg 1024w, https:\/\/mills.no\/content\/uploads\/2018\/02\/Gulrotrullekake-768x512.jpg 768w, https:\/\/mills.no\/content\/uploads\/2018\/02\/Gulrotrullekake-1536x1024.jpg 1536w, https:\/\/mills.no\/content\/uploads\/2018\/02\/Gulrotrullekake-80x53.jpg 80w\" sizes=\"auto, (max-width: 1600px) 100vw, 1600px\" \/><\/figure>\n\n<div class=\"wp-block-group alignfull is-layout-flow wp-block-group-is-layout-flow\">\n\t<h2 class=\"t2-post-title wp-block-t2-post-title\">Gulrotrullekake<\/h2>\n\t<div class=\"t2-post-excerpt wp-block-t2-post-excerpt\"><p>I denne kaken har vi tatt to favorittkaker, gulrotkake og rullekake, og samlet de i en himmelsk gulrotrullekake. Er du&hellip;<\/p><\/div>\n\t\n\t\t<div class=\"wp-block-mills-block-recipe-info\">\n\t\t\t<div class=\"mills-block-recipe-info-item mills-block-recipe-info-item--difficulty\">Middels<\/div>\n\t\t\t<div class=\"mills-block-recipe-info-item mills-block-recipe-info-item--time\">50 min<\/div>\n\t\t<\/div>\n<\/div>\n\n<\/a>\n<\/div>\n<\/div>\n\n\t\t\t<\/div>\n\t\t<\/div>\n\n\t\t<div class=\"has-background has-neutral-50-background-color is-style-vertical-spacing is-style-horizontal-spacing alignwide wp-block-mills-section has-background has-neutral-50-background-color\">\n\t\t\t<div class=\"wp-block-mills-section__inner alignwide\">\n\t\t\t\t\n\n<h2 class=\"has-text-align-center aligncenter wp-block-heading\">Relaterte oppskrifter<\/h2>\n<div class=\"t2-featured-content-layout alignwide alignwide wp-block-t2-featured-content-layout\" role=\"list\">\n<div class=\"t2-featured-single-post t2-featured-content is-post-type-page wp-block-t2-featured-single-post\" role=\"listitem\"><a class=\"t2-post-link wp-block-t2-post-link\" href=\"https:\/\/mills.no\/melange\/kaker\/bursdagskaker\/\">\n<figure style=\"--t2-focal-point: 50% 50%;\" class=\"t2-post-featured-image has-image-ratio-16-9 wp-block-t2-post-featured-image\"><img loading=\"lazy\" decoding=\"async\" width=\"1920\" height=\"1200\" src=\"https:\/\/mills.no\/content\/uploads\/sites\/3\/2017\/04\/Bursdagskake-tall.jpg\" class=\"attachment-medium-large size-medium-large wp-post-image\" alt=\"Bursdagskake formet som et tretall. Foto.\" srcset=\"https:\/\/mills.no\/content\/uploads\/sites\/3\/2017\/04\/Bursdagskake-tall.jpg 1920w, https:\/\/mills.no\/content\/uploads\/sites\/3\/2017\/04\/Bursdagskake-tall-300x188.jpg 300w, https:\/\/mills.no\/content\/uploads\/sites\/3\/2017\/04\/Bursdagskake-tall-1024x640.jpg 1024w, https:\/\/mills.no\/content\/uploads\/sites\/3\/2017\/04\/Bursdagskake-tall-768x480.jpg 768w, https:\/\/mills.no\/content\/uploads\/sites\/3\/2017\/04\/Bursdagskake-tall-1536x960.jpg 1536w, https:\/\/mills.no\/content\/uploads\/sites\/3\/2017\/04\/Bursdagskake-tall-80x50.jpg 80w\" sizes=\"auto, (max-width: 1920px) 100vw, 1920px\" \/><\/figure>\n\n<div class=\"wp-block-group alignfull is-layout-flow wp-block-group-is-layout-flow\">\n\t<h2 class=\"t2-post-title wp-block-t2-post-title\">Bursdagskaker<\/h2>\n\t<div class=\"t2-post-excerpt wp-block-t2-post-excerpt\"><p>Gode kaker h\u00f8rer til en bursdag, enten det er for de store eller sm\u00e5. Her finner du oppskrifter p\u00e5 kaker&hellip;<\/p><\/div>\n\t\n\t<p class=\"wp-block-buttons is-content-justification-center\"><span class=\"wp-block-button is-style-arrow-right\"><span class=\"wp-block-button__link\">Mer om<\/span><\/span><\/p>\n\t\n<\/div>\n\n<\/a>\n<\/div>\n<div class=\"t2-featured-single-post t2-featured-content is-post-type-page wp-block-t2-featured-single-post\" role=\"listitem\"><a class=\"t2-post-link wp-block-t2-post-link\" href=\"https:\/\/mills.no\/melange\/kaker\/kaker-til-17-mai\/\">\n<figure style=\"--t2-focal-point: 50% 50%;\" class=\"t2-post-featured-image has-image-ratio-16-9 wp-block-t2-post-featured-image\"><img loading=\"lazy\" decoding=\"async\" width=\"1920\" height=\"1280\" src=\"https:\/\/mills.no\/content\/uploads\/sites\/3\/2022\/05\/Gulrotkake-med-flagg-kakestykke.jpg\" class=\"attachment-medium-large size-medium-large wp-post-image\" alt=\"Flaggkake\" srcset=\"https:\/\/mills.no\/content\/uploads\/sites\/3\/2022\/05\/Gulrotkake-med-flagg-kakestykke.jpg 1920w, https:\/\/mills.no\/content\/uploads\/sites\/3\/2022\/05\/Gulrotkake-med-flagg-kakestykke-300x200.jpg 300w, https:\/\/mills.no\/content\/uploads\/sites\/3\/2022\/05\/Gulrotkake-med-flagg-kakestykke-1024x683.jpg 1024w, https:\/\/mills.no\/content\/uploads\/sites\/3\/2022\/05\/Gulrotkake-med-flagg-kakestykke-768x512.jpg 768w, https:\/\/mills.no\/content\/uploads\/sites\/3\/2022\/05\/Gulrotkake-med-flagg-kakestykke-1536x1024.jpg 1536w, https:\/\/mills.no\/content\/uploads\/sites\/3\/2022\/05\/Gulrotkake-med-flagg-kakestykke-80x53.jpg 80w\" sizes=\"auto, (max-width: 1920px) 100vw, 1920px\" \/><\/figure>\n\n<div class=\"wp-block-group alignfull is-layout-flow wp-block-group-is-layout-flow\">\n\t<h2 class=\"t2-post-title wp-block-t2-post-title\">Kaker til 17. mai<\/h2>\n\t<div class=\"t2-post-excerpt wp-block-t2-post-excerpt\"><p>P\u00e5 selveste nasjonaldagen er det g\u00f8y \u00e5 lage noe ekstra godt og staselig, som gjerne f\u00f8lger fargepaletten til flagg og&hellip;<\/p><\/div>\n\t\n\t<p class=\"wp-block-buttons is-content-justification-center\"><span class=\"wp-block-button is-style-arrow-right\"><span class=\"wp-block-button__link\">Mer om<\/span><\/span><\/p>\n\t\n<\/div>\n\n<\/a>\n<\/div>\n<div class=\"t2-featured-single-post t2-featured-content is-post-type-page wp-block-t2-featured-single-post\" role=\"listitem\"><a class=\"t2-post-link wp-block-t2-post-link\" href=\"https:\/\/mills.no\/melange\/kaker\/sjokoladekaker\/\">\n<figure style=\"--t2-focal-point: 50% 50%;\" class=\"t2-post-featured-image has-image-ratio-16-9 wp-block-t2-post-featured-image\"><img loading=\"lazy\" decoding=\"async\" width=\"1600\" height=\"1043\" src=\"https:\/\/mills.no\/content\/uploads\/sites\/3\/2017\/02\/Glutenfri-sjokoladekake.jpg\" class=\"attachment-medium-large size-medium-large wp-post-image\" alt=\"Glutenfri sjokoladekake\" srcset=\"https:\/\/mills.no\/content\/uploads\/sites\/3\/2017\/02\/Glutenfri-sjokoladekake.jpg 1600w, https:\/\/mills.no\/content\/uploads\/sites\/3\/2017\/02\/Glutenfri-sjokoladekake-300x196.jpg 300w, https:\/\/mills.no\/content\/uploads\/sites\/3\/2017\/02\/Glutenfri-sjokoladekake-1024x668.jpg 1024w, https:\/\/mills.no\/content\/uploads\/sites\/3\/2017\/02\/Glutenfri-sjokoladekake-768x501.jpg 768w, https:\/\/mills.no\/content\/uploads\/sites\/3\/2017\/02\/Glutenfri-sjokoladekake-1536x1001.jpg 1536w, https:\/\/mills.no\/content\/uploads\/sites\/3\/2017\/02\/Glutenfri-sjokoladekake-80x52.jpg 80w\" sizes=\"auto, (max-width: 1600px) 100vw, 1600px\" \/><\/figure>\n\n<div class=\"wp-block-group alignfull is-layout-flow wp-block-group-is-layout-flow\">\n\t<h2 class=\"t2-post-title wp-block-t2-post-title\">Sjokoladekaker<\/h2>\n\t<div class=\"t2-post-excerpt wp-block-t2-post-excerpt\"><p>Glad i sjokolade? Her finner du oppskrifter p\u00e5 v\u00e5re favorittkaker med deilig sjokolade &#8211; alt fra glutenfrie cookies til popcornkake!<\/p><\/div>\n\t\n\t<p class=\"wp-block-buttons is-content-justification-center\"><span class=\"wp-block-button is-style-arrow-right\"><span class=\"wp-block-button__link\">Mer om<\/span><\/span><\/p>\n\t\n<\/div>\n\n<\/a>\n<\/div>\n<\/div>\n\n\t\t\t<\/div>\n\t\t<\/div>","protected":false},"excerpt":{"rendered":"<p>Enten du skal bake til konfirmasjoner, d\u00e5p eller sommerfester, s\u00e5 finnes det en kake som passer! Her har vi samlet&hellip;<\/p>\n","protected":false},"author":0,"featured_media":1568,"parent":1574,"menu_order":0,"comment_status":"closed","ping_status":"closed","template":"","meta":{"_searchwp_excluded":"","hide_post_title":false,"footnotes":""},"class_list":["post-1567","page","type-page","status-publish","has-post-thumbnail","hentry"],"yoast_head":"<!-- This site is optimized with the Yoast SEO Premium plugin v26.9 (Yoast SEO v26.9) - https:\/\/yoast.com\/product\/yoast-seo-premium-wordpress\/ -->\n<title>Oppskrifter p\u00e5 festkaker til enhver anledning | Melange<\/title>\n<meta name=\"description\" content=\"Enten du skal bake til konfirmasjoner, d\u00e5p eller sommerfester, s\u00e5 finnes det en kake som passer! Her har vi samlet v\u00e5re favorittoppskrifter p\u00e5 festkaker.\" \/>\n<meta name=\"robots\" content=\"index, follow, max-snippet:-1, max-image-preview:large, max-video-preview:-1\" \/>\n<link rel=\"canonical\" href=\"https:\/\/mills.no\/melange\/kaker\/festkaker\/\" \/>\n<meta property=\"og:locale\" content=\"nb_NO\" \/>\n<meta property=\"og:type\" content=\"article\" \/>\n<meta property=\"og:title\" content=\"Festkaker\" \/>\n<meta property=\"og:description\" content=\"Enten du skal bake til konfirmasjoner, d\u00e5p eller sommerfester, s\u00e5 finnes det en kake som passer! Her har vi samlet v\u00e5re favorittoppskrifter p\u00e5 festkaker.\" \/>\n<meta property=\"og:url\" content=\"https:\/\/mills.no\/melange\/kaker\/festkaker\/\" \/>\n<meta property=\"og:site_name\" content=\"Melange\" \/>\n<meta property=\"article:modified_time\" content=\"2024-02-07T08:15:51+00:00\" \/>\n<meta property=\"og:image\" content=\"https:\/\/mills.no\/content\/uploads\/sites\/3\/2017\/04\/Popcornkake-med-karamell.jpg\" \/>\n\t<meta property=\"og:image:width\" content=\"1920\" \/>\n\t<meta property=\"og:image:height\" content=\"1000\" \/>\n\t<meta property=\"og:image:type\" content=\"image\/jpeg\" \/>\n<meta name=\"twitter:card\" content=\"summary_large_image\" \/>\n<script type=\"application\/ld+json\" class=\"yoast-schema-graph\">{\"@context\":\"https:\/\/schema.org\",\"@graph\":[{\"@type\":\"WebPage\",\"@id\":\"https:\/\/mills.no\/melange\/kaker\/festkaker\/\",\"url\":\"https:\/\/mills.no\/melange\/kaker\/festkaker\/\",\"name\":\"Oppskrifter p\u00e5 festkaker til enhver anledning | Melange\",\"isPartOf\":{\"@id\":\"https:\/\/mills.no\/melange\/#website\"},\"primaryImageOfPage\":{\"@id\":\"https:\/\/mills.no\/melange\/kaker\/festkaker\/#primaryimage\"},\"image\":{\"@id\":\"https:\/\/mills.no\/melange\/kaker\/festkaker\/#primaryimage\"},\"thumbnailUrl\":\"https:\/\/mills.no\/content\/uploads\/sites\/3\/2017\/04\/Popcornkake-med-karamell.jpg\",\"datePublished\":\"2017-04-27T05:53:21+00:00\",\"dateModified\":\"2024-02-07T08:15:51+00:00\",\"description\":\"Enten du skal bake til konfirmasjoner, d\u00e5p eller sommerfester, s\u00e5 finnes det en kake som passer! Her har vi samlet v\u00e5re favorittoppskrifter p\u00e5 festkaker.\",\"breadcrumb\":{\"@id\":\"https:\/\/mills.no\/melange\/kaker\/festkaker\/#breadcrumb\"},\"inLanguage\":\"nb-NO\",\"potentialAction\":[{\"@type\":\"ReadAction\",\"target\":[\"https:\/\/mills.no\/melange\/kaker\/festkaker\/\"]}]},{\"@type\":\"ImageObject\",\"inLanguage\":\"nb-NO\",\"@id\":\"https:\/\/mills.no\/melange\/kaker\/festkaker\/#primaryimage\",\"url\":\"https:\/\/mills.no\/content\/uploads\/sites\/3\/2017\/04\/Popcornkake-med-karamell.jpg\",\"contentUrl\":\"https:\/\/mills.no\/content\/uploads\/sites\/3\/2017\/04\/Popcornkake-med-karamell.jpg\",\"width\":1920,\"height\":1000,\"caption\":\"Popcornkake med karamellsaus og popkorn.\"},{\"@type\":\"BreadcrumbList\",\"@id\":\"https:\/\/mills.no\/melange\/kaker\/festkaker\/#breadcrumb\",\"itemListElement\":[{\"@type\":\"ListItem\",\"position\":1,\"name\":\"Home\",\"item\":\"https:\/\/mills.no\/melange\/\"},{\"@type\":\"ListItem\",\"position\":2,\"name\":\"Kaker\",\"item\":\"https:\/\/mills.no\/melange\/kaker\/\"},{\"@type\":\"ListItem\",\"position\":3,\"name\":\"Festkaker\"}]},{\"@type\":\"WebSite\",\"@id\":\"https:\/\/mills.no\/melange\/#website\",\"url\":\"https:\/\/mills.no\/melange\/\",\"name\":\"Melange\",\"description\":\"Litt lettere \u00e5 lykkes\",\"publisher\":{\"@id\":\"https:\/\/mills.no\/melange\/#organization\"},\"potentialAction\":[{\"@type\":\"SearchAction\",\"target\":{\"@type\":\"EntryPoint\",\"urlTemplate\":\"https:\/\/mills.no\/melange\/?s={search_term_string}\"},\"query-input\":{\"@type\":\"PropertyValueSpecification\",\"valueRequired\":true,\"valueName\":\"search_term_string\"}}],\"inLanguage\":\"nb-NO\"},{\"@type\":\"Organization\",\"@id\":\"https:\/\/mills.no\/melange\/#organization\",\"name\":\"Melange\",\"url\":\"https:\/\/mills.no\/melange\/\",\"logo\":{\"@type\":\"ImageObject\",\"inLanguage\":\"nb-NO\",\"@id\":\"https:\/\/mills.no\/melange\/#\/schema\/logo\/image\/\",\"url\":\"https:\/\/mills.no\/content\/uploads\/sites\/3\/2021\/11\/logo-melange.svg\",\"contentUrl\":\"https:\/\/mills.no\/content\/uploads\/sites\/3\/2021\/11\/logo-melange.svg\",\"caption\":\"Melange\"},\"image\":{\"@id\":\"https:\/\/mills.no\/melange\/#\/schema\/logo\/image\/\"}}]}<\/script>\n<!-- \/ Yoast SEO Premium plugin. -->","yoast_head_json":{"title":"Oppskrifter p\u00e5 festkaker til enhver anledning | Melange","description":"Enten du skal bake til konfirmasjoner, d\u00e5p eller sommerfester, s\u00e5 finnes det en kake som passer! Her har vi samlet v\u00e5re favorittoppskrifter p\u00e5 festkaker.","robots":{"index":"index","follow":"follow","max-snippet":"max-snippet:-1","max-image-preview":"max-image-preview:large","max-video-preview":"max-video-preview:-1"},"canonical":"https:\/\/mills.no\/melange\/kaker\/festkaker\/","og_locale":"nb_NO","og_type":"article","og_title":"Festkaker","og_description":"Enten du skal bake til konfirmasjoner, d\u00e5p eller sommerfester, s\u00e5 finnes det en kake som passer! Her har vi samlet v\u00e5re favorittoppskrifter p\u00e5 festkaker.","og_url":"https:\/\/mills.no\/melange\/kaker\/festkaker\/","og_site_name":"Melange","article_modified_time":"2024-02-07T08:15:51+00:00","og_image":[{"width":1920,"height":1000,"url":"https:\/\/mills.no\/content\/uploads\/sites\/3\/2017\/04\/Popcornkake-med-karamell.jpg","type":"image\/jpeg"}],"twitter_card":"summary_large_image","schema":{"@context":"https:\/\/schema.org","@graph":[{"@type":"WebPage","@id":"https:\/\/mills.no\/melange\/kaker\/festkaker\/","url":"https:\/\/mills.no\/melange\/kaker\/festkaker\/","name":"Oppskrifter p\u00e5 festkaker til enhver anledning | Melange","isPartOf":{"@id":"https:\/\/mills.no\/melange\/#website"},"primaryImageOfPage":{"@id":"https:\/\/mills.no\/melange\/kaker\/festkaker\/#primaryimage"},"image":{"@id":"https:\/\/mills.no\/melange\/kaker\/festkaker\/#primaryimage"},"thumbnailUrl":"https:\/\/mills.no\/content\/uploads\/sites\/3\/2017\/04\/Popcornkake-med-karamell.jpg","datePublished":"2017-04-27T05:53:21+00:00","dateModified":"2024-02-07T08:15:51+00:00","description":"Enten du skal bake til konfirmasjoner, d\u00e5p eller sommerfester, s\u00e5 finnes det en kake som passer! Her har vi samlet v\u00e5re favorittoppskrifter p\u00e5 festkaker.","breadcrumb":{"@id":"https:\/\/mills.no\/melange\/kaker\/festkaker\/#breadcrumb"},"inLanguage":"nb-NO","potentialAction":[{"@type":"ReadAction","target":["https:\/\/mills.no\/melange\/kaker\/festkaker\/"]}]},{"@type":"ImageObject","inLanguage":"nb-NO","@id":"https:\/\/mills.no\/melange\/kaker\/festkaker\/#primaryimage","url":"https:\/\/mills.no\/content\/uploads\/sites\/3\/2017\/04\/Popcornkake-med-karamell.jpg","contentUrl":"https:\/\/mills.no\/content\/uploads\/sites\/3\/2017\/04\/Popcornkake-med-karamell.jpg","width":1920,"height":1000,"caption":"Popcornkake med karamellsaus og popkorn."},{"@type":"BreadcrumbList","@id":"https:\/\/mills.no\/melange\/kaker\/festkaker\/#breadcrumb","itemListElement":[{"@type":"ListItem","position":1,"name":"Home","item":"https:\/\/mills.no\/melange\/"},{"@type":"ListItem","position":2,"name":"Kaker","item":"https:\/\/mills.no\/melange\/kaker\/"},{"@type":"ListItem","position":3,"name":"Festkaker"}]},{"@type":"WebSite","@id":"https:\/\/mills.no\/melange\/#website","url":"https:\/\/mills.no\/melange\/","name":"Melange","description":"Litt lettere \u00e5 lykkes","publisher":{"@id":"https:\/\/mills.no\/melange\/#organization"},"potentialAction":[{"@type":"SearchAction","target":{"@type":"EntryPoint","urlTemplate":"https:\/\/mills.no\/melange\/?s={search_term_string}"},"query-input":{"@type":"PropertyValueSpecification","valueRequired":true,"valueName":"search_term_string"}}],"inLanguage":"nb-NO"},{"@type":"Organization","@id":"https:\/\/mills.no\/melange\/#organization","name":"Melange","url":"https:\/\/mills.no\/melange\/","logo":{"@type":"ImageObject","inLanguage":"nb-NO","@id":"https:\/\/mills.no\/melange\/#\/schema\/logo\/image\/","url":"https:\/\/mills.no\/content\/uploads\/sites\/3\/2021\/11\/logo-melange.svg","contentUrl":"https:\/\/mills.no\/content\/uploads\/sites\/3\/2021\/11\/logo-melange.svg","caption":"Melange"},"image":{"@id":"https:\/\/mills.no\/melange\/#\/schema\/logo\/image\/"}}]}},"_links":{"self":[{"href":"https:\/\/mills.no\/melange\/wp-json\/wp\/v2\/pages\/1567","targetHints":{"allow":["GET"]}}],"collection":[{"href":"https:\/\/mills.no\/melange\/wp-json\/wp\/v2\/pages"}],"about":[{"href":"https:\/\/mills.no\/melange\/wp-json\/wp\/v2\/types\/page"}],"replies":[{"embeddable":true,"href":"https:\/\/mills.no\/melange\/wp-json\/wp\/v2\/comments?post=1567"}],"version-history":[{"count":12,"href":"https:\/\/mills.no\/melange\/wp-json\/wp\/v2\/pages\/1567\/revisions"}],"predecessor-version":[{"id":4357,"href":"https:\/\/mills.no\/melange\/wp-json\/wp\/v2\/pages\/1567\/revisions\/4357"}],"up":[{"embeddable":true,"href":"https:\/\/mills.no\/melange\/wp-json\/wp\/v2\/pages\/1574"}],"wp:featuredmedia":[{"embeddable":true,"href":"https:\/\/mills.no\/melange\/wp-json\/wp\/v2\/media\/1568"}],"wp:attachment":[{"href":"https:\/\/mills.no\/melange\/wp-json\/wp\/v2\/media?parent=1567"}],"curies":[{"name":"wp","href":"https:\/\/api.w.org\/{rel}","templated":true}]}}