{"id":34171,"date":"2017-12-08T13:25:12","date_gmt":"2017-12-08T12:25:12","guid":{"rendered":"https:\/\/mills.no\/oppskrift\/syrlig-eplesalat-med-sylteagurk\/"},"modified":"2024-02-07T09:08:06","modified_gmt":"2024-02-07T08:08:06","slug":"syrlig-eplesalat-sylteagurk","status":"publish","type":"recipe","link":"https:\/\/mills.no\/mills\/oppskrift\/syrlig-eplesalat-sylteagurk\/","title":{"rendered":"Syrlig eplesalat med sylteagurk"},"content":{"rendered":"<div class=\"mills-block-featured alignwide alignwide wp-block-mills-block-featured\"><div class=\"wp-block-cover__inner-container\">\n<h1 class=\"has-text-align-center wp-block-post-title has-text-color has-neutral-1000-color\">Syrlig eplesalat med sylteagurk<\/h1>\n\n\t\t<div class=\"wp-block-mills-block-recipe-info\">\n\t\t\t\n\t\t\t\n\t\t<\/div>\n\n\t\t<div class=\"wp-block-mills-block-recipe-rating-comments\">\n\t\t\t<a class=\"mills-block-recipe-rating-comments-item\" href=\"#post-rating\">\n\t\t\t\t<div class=\"mills-block-recipe-rating-comments-icons\" style=\"--rating:0;\"><\/div>0\n\t\t\t<\/a>\n\t\t\t<div class=\"mills-block-recipe-rating-comments-item mills-block-recipe-rating-comments-item--comments\">6<\/div>\n\t\t<\/div>\n<div class=\"mills-block-social-share aligncenter wp-block-mills-social-share\"><div class=\"mills-social-share-content\"><a class=\"social-share-button social-share-button--email\" href=\"mailto:?&#038;subject=Ta%20en%20titt%20p\u00e5%20denne&#038;body=Kanskje%20er%20du%20interessert%20i%20dette:%20Syrlig%20eplesalat%20med%20sylteagurk,%20https:\/\/mills.no\/mills\/oppskrift\/syrlig-eplesalat-sylteagurk\/\" title=\"Send e-post\"><span class=\"icon-IconMail\"><\/span><\/a><a class=\"social-share-button social-share-button--link\" href=\"https:\/\/mills.no\/mills\/oppskrift\/syrlig-eplesalat-sylteagurk\/\" title=\"Kopier link\" data-text=\"Lenken er kopiert til utklippstavlen\"><span class=\"icon-Iconcopy-link\"><\/span><\/a><a class=\"social-share-button social-share-button--print\" href=\"javascript:window.print();\" title=\"Skriv ut side\"><span class=\"icon-IconPrint\"><\/span><\/a><\/div><\/div>\n<\/div><\/div>\n\n\t\t<div class=\"has-background has-neutral-0-background-color is-style-vertical-spacing alignwide wp-block-mills-section has-background has-neutral-0-background-color\">\n\t\t\t<div class=\"wp-block-mills-section__inner aligncenter\">\n\t\t\t\t\n<p class=\"t2-ingress has-text-align-center align wp-block-t2-ingress\">Denne eplesalaten er b\u00e5de s\u00f8t, frisk og syrlig p\u00e5 en og samme gang, og er utmerket tilbeh\u00f8r til r\u00f8kt juleskinke. Spis den som til middagen, p\u00e5 br\u00f8dskiva eller server den som en del av koldtbordet.\n<\/p>\n\n\t\t\t<\/div>\n\t\t<\/div>\n\n\t\t<div class=\"has-background has-neutral-0-background-color is-style-vertical-spacing alignwide is-section-recipe alignwide wp-block-mills-section has-background has-neutral-0-background-color\">\n<div class=\"wp-block-columns alignwide has-neutral-0-background-color has-background is-layout-flex wp-container-core-columns-layout-1 wp-block-columns-is-layout-flex recipe-mobile-toggle-container\">\n\t<div class=\"recipe-mobile-toggle-wrapper\">\n\t\t<input\n\t\t\ttype=\"radio\"\n\t\t\tname=\"recipe-view\"\n\t\t\tid=\"recipe-mobile-toggle-option-ingredients\"\n\t\t\tvalue=\"ingredients\"\n\t\t\tchecked=\"checked\"\n\t\t\tclass=\"recipe-mobile-toggle-input\"\n\t\t\/>\n\t\t<label for=\"recipe-mobile-toggle-option-ingredients\" class=\"recipe-mobile-toggle-label\">\n\t\t\tIngredienser\t\t<\/label>\n\n\t\t<input type=\"radio\" name=\"recipe-view\" id=\"recipe-mobile-toggle-option-instructions\" value=\"instructions\" class=\"recipe-mobile-toggle-input\" \/>\n\t\t<label for=\"recipe-mobile-toggle-option-instructions\" class=\"recipe-mobile-toggle-label\">\n\t\t\tSlik gj\u00f8r du\t\t<\/label>\n\n\t\t<div class=\"recipe-mobile-toggle-indicator\"><\/div>\n\t<\/div>\n<\/div>\n\n\t\t\t<div class=\"wp-block-mills-section__inner alignwide\">\n\t\t\t\t\n\n<div class=\"alignwide has-background has-neutral-0-background-color wp-block-columns is-layout-flex wp-container-core-columns-is-layout-9d6595d7 wp-block-columns-is-layout-flex\">\n<div class=\"wp-block-column is-layout-flow wp-block-column-is-layout-flow\" style=\"flex-basis: 40%;\">\n\t\t<div class=\"mills-block-recipe-ingredients wp-block-mills-recipe-ingredients\">\n\t\t\t<div class=\"mills-block-recipe-ingredients-wrapper\">\n\t\t\t\t<div class=\"mills-block-recipe-ingredients-inner\">\n\t\t\t\t\t<div class=\"mills-block-recipe-ingredients-header\">\n\t\t\t\t\t\t<h3>Ingredienser<\/h3>\n\t\t\t\t\t\t\n\t\t\t\t<div class=\"mills-block-recipe-ingredients-controls\">\n\t\t\t\t\t<div class=\"mills-block-recipe-ingredients-button mills-block-recipe-ingredients-button--dec\"><span class=\"icon-Iconminus_remove\"><\/span><\/div>\n\t\t\t\t\t<div class=\"mills-block-recipe-ingredients-portion\" data-default=\"4\" data-single=\"%s porsjon\" data-plural=\"%s porsjon\">4 porsjon<\/div>\n\t\t\t\t\t<div class=\"mills-block-recipe-ingredients-button mills-block-recipe-ingredients-button--inc\"><span class=\"icon-Iconplus_add\"><\/span><\/div>\n\t\t\t\t<\/div>\n\t\t\t\t\t<\/div>\n\t\t\t\t\t<div class=\"mills-block-recipe-ingredients-lists\">\n\t\t\t\t\t\t\n\n\t\t<div class=\"mills-block-recipe-ingredients-list wp-block-mills-recipe-ingredients-list\">\n\t\t\t<div class=\"mills-block-recipe-ingredients-list-inner\">\n\t\t\t\t<h4><\/h4>\n\t\t\t\t<div class=\"mills-block-recipe-ingredients-list-ingredients\">\n\t\t\t\t\t\n\n\t\t<div class=\"mills-block-recipe-ingredients-list-ingredient wp-block-mills-recipe-ingredients-list-ingredient\">\n\t\t\t<div class=\"mills-block-recipe-ingredients-list-ingredient-inner\">\n\t\t\t\t<strong><span class=\"mills-block-recipe-ingredients-list-ingredient-value\" data-default=\"0.5\">0.5<\/span> stk<\/strong> l\u00f8k\n\t\t\t<\/div>\n\t\t\t\n\t\t<\/div>\n\n\t\t<div class=\"mills-block-recipe-ingredients-list-ingredient wp-block-mills-recipe-ingredients-list-ingredient\">\n\t\t\t<div class=\"mills-block-recipe-ingredients-list-ingredient-inner\">\n\t\t\t\t<strong><span class=\"mills-block-recipe-ingredients-list-ingredient-value\" data-default=\"4\">4<\/span> stk<\/strong> epler\n\t\t\t<\/div>\n\t\t\t\n\t\t<\/div>\n\n\t\t<div class=\"mills-block-recipe-ingredients-list-ingredient wp-block-mills-recipe-ingredients-list-ingredient\">\n\t\t\t<div class=\"mills-block-recipe-ingredients-list-ingredient-inner\">\n\t\t\t\t<strong><span class=\"mills-block-recipe-ingredients-list-ingredient-value\" data-default=\"10\">10<\/span> skiver<\/strong> sylteagurk\n\t\t\t<\/div>\n\t\t\t\n\t\t<\/div>\n\n\t\t<div class=\"mills-block-recipe-ingredients-list-ingredient wp-block-mills-recipe-ingredients-list-ingredient\">\n\t\t\t<div class=\"mills-block-recipe-ingredients-list-ingredient-inner\">\n\t\t\t\t<strong><span class=\"mills-block-recipe-ingredients-list-ingredient-value\" data-default=\"165\">165<\/span> gram<\/strong> <a href=\"https:\/\/mills.no\/mills\/produkt\/ekte-majones\/\">Mills Ekte Majones<\/a>\n\t\t\t<\/div>\n\t\t\t\n\t\t<\/div>\n\n\t\t<div class=\"mills-block-recipe-ingredients-list-ingredient wp-block-mills-recipe-ingredients-list-ingredient\">\n\t\t\t<div class=\"mills-block-recipe-ingredients-list-ingredient-inner\">\n\t\t\t\t<strong><span class=\"mills-block-recipe-ingredients-list-ingredient-value\" data-default=\"1\">1<\/span> dl<\/strong> r\u00f8mme\n\t\t\t<\/div>\n\t\t\t\n\t\t<\/div>\n\n\t\t<div class=\"mills-block-recipe-ingredients-list-ingredient wp-block-mills-recipe-ingredients-list-ingredient\">\n\t\t\t<div class=\"mills-block-recipe-ingredients-list-ingredient-inner\">\n\t\t\t\t<strong><span class=\"mills-block-recipe-ingredients-list-ingredient-value\" data-default=\"3\">3<\/span> ss<\/strong> sylteagurklake\n\t\t\t<\/div>\n\t\t\t\n\t\t<\/div>\n\n\t\t<div class=\"mills-block-recipe-ingredients-list-ingredient wp-block-mills-recipe-ingredients-list-ingredient\">\n\t\t\t<div class=\"mills-block-recipe-ingredients-list-ingredient-inner\">\n\t\t\t\t<strong><span class=\"mills-block-recipe-ingredients-list-ingredient-value\" data-default=\"2\">2<\/span> ss<\/strong> frisk persille\n\t\t\t<\/div>\n\t\t\t\n\t\t<\/div>\n\n\t\t<div class=\"mills-block-recipe-ingredients-list-ingredient wp-block-mills-recipe-ingredients-list-ingredient\">\n\t\t\t<div class=\"mills-block-recipe-ingredients-list-ingredient-inner\">\n\t\t\t\t<strong><span class=\"mills-block-recipe-ingredients-list-ingredient-value\" data-default=\"2\">2<\/span> ss<\/strong> frisk gressl\u00f8k\n\t\t\t<\/div>\n\t\t\t\n\t\t<\/div>\n\n\t\t\t\t<\/div>\n\t\t\t<\/div>\n\t\t<\/div>\n\n\t\t\t\t\t<\/div>\n\t\t\t\t<\/div>\n\t\t\t<\/div>\n\t\t\t\n\t\t<\/div>\n<\/div>\n\n<div class=\"wp-block-column is-layout-flow wp-block-column-is-layout-flow\" style=\"flex-basis: 60%;\">\n<h2 class=\"wp-block-heading\" >Slik gj\u00f8r du<\/h2>\n\n<div class=\"wp-block-group is-layout-flow wp-block-group-is-layout-flow\">\n\t\t<div class=\"wp-block-mills-recipe-instructions\">\n\t\t\t\n\t\t\t<div class=\"mills-block-recipe-instructions-steps\">\n\t\t\t\t\n\n\t\t<a href=\"#step-1\" id=\"step-1\" class=\"mills-block-recipe-instructions-step wp-block-mills-recipe-instructions-step\" onClick=\"return false;\">\n\t\t\t<div class=\"mills-block-recipe-instructions-step-left\">\n\t\t\t\t<div class=\"mills-block-recipe-instructions-step-indicator\">\n\t\t\t\t\t<div class=\"mills-block-recipe-instructions-step-checked\"><\/div>\n\t\t\t\t<\/div>\n\t\t\t<\/div>\n\t\t\t<div class=\"mills-block-recipe-instructions-step-inner\">\n\t\t\t\t<div class=\"mills-block-recipe-instructions-step-inner-body\">\n\t\t\t\t\t<p class=\"has-text-color has-neutral-1000-color\">1. Finhakk l\u00f8ken og del eplene i sm\u00e5 terninger, cirka 1\u00d71 centimeter. Del sylteagurken i sm\u00e5 biter.<\/p>\n\n\t\t\t\t<\/div>\n\t\t\t<\/div>\n\t\t<\/a>\n\n\t\t<a href=\"#step-2\" id=\"step-2\" class=\"mills-block-recipe-instructions-step wp-block-mills-recipe-instructions-step\" onClick=\"return false;\">\n\t\t\t<div class=\"mills-block-recipe-instructions-step-left\">\n\t\t\t\t<div class=\"mills-block-recipe-instructions-step-indicator\">\n\t\t\t\t\t<div class=\"mills-block-recipe-instructions-step-checked\"><\/div>\n\t\t\t\t<\/div>\n\t\t\t<\/div>\n\t\t\t<div class=\"mills-block-recipe-instructions-step-inner\">\n\t\t\t\t<div class=\"mills-block-recipe-instructions-step-inner-body\">\n\t\t\t\t\t<p class=\"has-text-color has-neutral-1000-color\">2. Bland sammen 165 gram (1 pose) Mills majones, r\u00f8mme og sylteagurklake i en bolle. Ha i l\u00f8k, epler og sylteagurk.<\/p>\n\n\t\t\t\t<\/div>\n\t\t\t<\/div>\n\t\t<\/a>\n\n\t\t<a href=\"#step-3\" id=\"step-3\" class=\"mills-block-recipe-instructions-step wp-block-mills-recipe-instructions-step\" onClick=\"return false;\">\n\t\t\t<div class=\"mills-block-recipe-instructions-step-left\">\n\t\t\t\t<div class=\"mills-block-recipe-instructions-step-indicator\">\n\t\t\t\t\t<div class=\"mills-block-recipe-instructions-step-checked\"><\/div>\n\t\t\t\t<\/div>\n\t\t\t<\/div>\n\t\t\t<div class=\"mills-block-recipe-instructions-step-inner\">\n\t\t\t\t<div class=\"mills-block-recipe-instructions-step-inner-body\">\n\t\t\t\t\t<p class=\"has-text-color has-neutral-1000-color\">3. Finhakk persille og gressl\u00f8k, og vend alt godt sammen.<\/p>\n\n\t\t\t\t<\/div>\n\t\t\t<\/div>\n\t\t<\/a>\n\n\t\t\t<\/div>\n\t\t<\/div>\n<\/div>\n\n\t\t<div id=\"post-rating\" class=\"wp-block-mills-block-recipe-rating\">\n\t\t\t<div class=\"mills-block-recipe-rating-title\">Hva synes du om oppskriften?<\/div>\n\t\t\t<div class=\"mills-block-recipe-rating-stars\">\n\t\t\t\t<div class=\"mills-block-recipe-rating-star\"><\/div>\n\t\t\t\t<div class=\"mills-block-recipe-rating-star\"><\/div>\n\t\t\t\t<div class=\"mills-block-recipe-rating-star\"><\/div>\n\t\t\t\t<div class=\"mills-block-recipe-rating-star\"><\/div>\n\t\t\t\t<div class=\"mills-block-recipe-rating-star\"><\/div>\n\t\t\t<\/div>\n\t\t<\/div>\n<\/div>\n<\/div>\n\n\t\t\t<\/div>\n\t\t<\/div>\n\n\t\t<div class=\"has-background has-neutral-0-background-color is-style-vertical-spacing is-style-horizontal-spacing alignwide wp-block-mills-section has-background has-neutral-0-background-color\">\n\t\t\t<div class=\"wp-block-mills-section__inner alignwide\">\n\t\t\t\t\n<div class=\"alignwide wp-block-mills-comments\"><\/div>\n\n\t\t\t<\/div>\n\t\t<\/div>\n\n\t\t<div class=\"has-background has-secondary-background-color is-style-vertical-spacing is-style-horizontal-spacing alignwide is-section-related alignwide wp-block-mills-section has-background has-secondary-background-color\">\n\t\t\t<div class=\"wp-block-mills-section__inner alignwide\">\n\t\t\t\t\n\n<h3 class=\"wp-block-heading\" >Relaterte oppskrifter<\/h3>\n<div class=\"t2-featured-content-layout alignwide alignwide wp-block-t2-featured-content-layout\" role=\"list\">\n<div class=\"t2-featured-single-post t2-featured-content is-post-type-recipe brand-mills recipe_category-middag recipe_topic-salat wp-block-t2-featured-single-post\" role=\"listitem\"><a class=\"t2-post-link wp-block-t2-post-link\" href=\"https:\/\/mills.no\/mills\/oppskrift\/brokkolisalat-med-eple-og-bacon\/\">\n<figure style=\"--t2-focal-point: 50% 50%;\" class=\"t2-post-featured-image has-image-ratio-16-9 wp-block-t2-post-featured-image\"><img loading=\"lazy\" decoding=\"async\" width=\"1920\" height=\"1280\" src=\"https:\/\/mills.no\/content\/uploads\/2017\/03\/Brokkolisalat-1920.jpg\" class=\"attachment-medium-large size-medium-large wp-post-image\" alt=\"Brokkolisalat med eple og bacon. Foto.\" srcset=\"https:\/\/mills.no\/content\/uploads\/2017\/03\/Brokkolisalat-1920.jpg 1920w, https:\/\/mills.no\/content\/uploads\/2017\/03\/Brokkolisalat-1920-300x200.jpg 300w, https:\/\/mills.no\/content\/uploads\/2017\/03\/Brokkolisalat-1920-1024x683.jpg 1024w, https:\/\/mills.no\/content\/uploads\/2017\/03\/Brokkolisalat-1920-768x512.jpg 768w, https:\/\/mills.no\/content\/uploads\/2017\/03\/Brokkolisalat-1920-1536x1024.jpg 1536w, https:\/\/mills.no\/content\/uploads\/2017\/03\/Brokkolisalat-1920-80x53.jpg 80w\" sizes=\"auto, (max-width: 1920px) 100vw, 1920px\" \/><\/figure>\n\n<div class=\"wp-block-group alignfull is-layout-flow wp-block-group-is-layout-flow\">\n\t<h2 class=\"t2-post-title wp-block-t2-post-title\">Brokkolisalat med eple og bacon<\/h2>\n\t<div class=\"t2-post-excerpt wp-block-t2-post-excerpt\"><p>En god brokkolisalat har en perfekt balanse av s\u00f8tt, salt og syrlig. I denne varianten har vi tilsatt bacon, eple,&hellip;<\/p><\/div>\n\t\n\t\t<div class=\"wp-block-mills-block-recipe-info\">\n\t\t\t<div class=\"mills-block-recipe-info-item mills-block-recipe-info-item--difficulty\">Enkel<\/div>\n\t\t\t<div class=\"mills-block-recipe-info-item mills-block-recipe-info-item--time\">20 min<\/div>\n\t\t<\/div>\n<\/div>\n\n<\/a>\n<\/div>\n<div class=\"t2-featured-single-post t2-featured-content is-post-type-recipe brand-mills recipe_category-middag recipe_category-snacks-og-tilbehor wp-block-t2-featured-single-post\" role=\"listitem\"><a class=\"t2-post-link wp-block-t2-post-link\" href=\"https:\/\/mills.no\/mills\/oppskrift\/waldorfsalat-med-granateple\/\">\n<figure style=\"--t2-focal-point: 50% 50%;\" class=\"t2-post-featured-image has-image-ratio-16-9 wp-block-t2-post-featured-image\"><img loading=\"lazy\" decoding=\"async\" width=\"2000\" height=\"1334\" src=\"https:\/\/mills.no\/content\/uploads\/2016\/12\/Waldorfsalat-1.jpg\" class=\"attachment-medium-large size-medium-large wp-post-image\" alt=\"waldorfsalat med granateple\" srcset=\"https:\/\/mills.no\/content\/uploads\/2016\/12\/Waldorfsalat-1.jpg 2000w, https:\/\/mills.no\/content\/uploads\/2016\/12\/Waldorfsalat-1-300x200.jpg 300w, https:\/\/mills.no\/content\/uploads\/2016\/12\/Waldorfsalat-1-1024x683.jpg 1024w, https:\/\/mills.no\/content\/uploads\/2016\/12\/Waldorfsalat-1-768x512.jpg 768w, https:\/\/mills.no\/content\/uploads\/2016\/12\/Waldorfsalat-1-1536x1025.jpg 1536w, https:\/\/mills.no\/content\/uploads\/2016\/12\/Waldorfsalat-1-80x53.jpg 80w\" sizes=\"auto, (max-width: 2000px) 100vw, 2000px\" \/><\/figure>\n\n<div class=\"wp-block-group alignfull is-layout-flow wp-block-group-is-layout-flow\">\n\t<h2 class=\"t2-post-title wp-block-t2-post-title\">Waldorfsalat med granateple<\/h2>\n\t<div class=\"t2-post-excerpt wp-block-t2-post-excerpt\"><p>Er du p\u00e5 jakt etter en supergod oppskrift p\u00e5 waldorfsalat? Da trenger du ikke lete lenger. Denne oppskriften p\u00e5 waldorfsalat&hellip;<\/p><\/div>\n\t\n\t\t<div class=\"wp-block-mills-block-recipe-info\">\n\t\t\t<div class=\"mills-block-recipe-info-item mills-block-recipe-info-item--difficulty\">Enkel<\/div>\n\t\t\t<div class=\"mills-block-recipe-info-item mills-block-recipe-info-item--time\">30 min<\/div>\n\t\t<\/div>\n<\/div>\n\n<\/a>\n<\/div>\n<div class=\"t2-featured-single-post t2-featured-content is-post-type-recipe brand-mills recipe_category-snacks-og-tilbehor wp-block-t2-featured-single-post\" role=\"listitem\"><a class=\"t2-post-link wp-block-t2-post-link\" href=\"https:\/\/mills.no\/mills\/oppskrift\/hjemmelaget-remulade\/\">\n<figure style=\"--t2-focal-point: 50% 50%;\" class=\"t2-post-featured-image has-image-ratio-16-9 wp-block-t2-post-featured-image\"><img loading=\"lazy\" decoding=\"async\" width=\"1920\" height=\"1280\" src=\"https:\/\/mills.no\/content\/uploads\/2017\/03\/Hjemmelaget-remulade_1920.jpg\" class=\"attachment-medium-large size-medium-large wp-post-image\" alt=\"Hjemmelaget remulade i bolle. Foto.\" srcset=\"https:\/\/mills.no\/content\/uploads\/2017\/03\/Hjemmelaget-remulade_1920.jpg 1920w, https:\/\/mills.no\/content\/uploads\/2017\/03\/Hjemmelaget-remulade_1920-300x200.jpg 300w, https:\/\/mills.no\/content\/uploads\/2017\/03\/Hjemmelaget-remulade_1920-1024x683.jpg 1024w, https:\/\/mills.no\/content\/uploads\/2017\/03\/Hjemmelaget-remulade_1920-768x512.jpg 768w, https:\/\/mills.no\/content\/uploads\/2017\/03\/Hjemmelaget-remulade_1920-1536x1024.jpg 1536w, https:\/\/mills.no\/content\/uploads\/2017\/03\/Hjemmelaget-remulade_1920-80x53.jpg 80w\" sizes=\"auto, (max-width: 1920px) 100vw, 1920px\" \/><\/figure>\n\n<div class=\"wp-block-group alignfull is-layout-flow wp-block-group-is-layout-flow\">\n\t<h2 class=\"t2-post-title wp-block-t2-post-title\">Hjemmelaget remulade<\/h2>\n\t<div class=\"t2-post-excerpt wp-block-t2-post-excerpt\"><p>Remulade er perfekt f\u00f8lge til stekt fisk og fiskepinner, og ogs\u00e5 uunnv\u00e6rlig p\u00e5 sm\u00f8rbr\u00f8det med roastbiff og r\u00e5 l\u00f8k. Denne&hellip;<\/p><\/div>\n\t\n\t\t<div class=\"wp-block-mills-block-recipe-info\">\n\t\t\t<div class=\"mills-block-recipe-info-item mills-block-recipe-info-item--difficulty\">Enkel<\/div>\n\t\t\t<div class=\"mills-block-recipe-info-item mills-block-recipe-info-item--time\">5 min<\/div>\n\t\t<\/div>\n<\/div>\n\n<\/a>\n<\/div>\n<\/div>\n\n\t\t\t<\/div>\n\t\t<\/div>","protected":false},"excerpt":{"rendered":"<p>Denne eplesalaten er b\u00e5de s\u00f8t, frisk og syrlig p\u00e5 en og samme gang, og er utmerket tilbeh\u00f8r til r\u00f8kt juleskinke.&hellip;<\/p>\n","protected":false},"featured_media":0,"menu_order":0,"comment_status":"open","ping_status":"closed","template":"","meta":{"_searchwp_excluded":"","hide_post_title":false,"mills_central_time":0,"mills_central_difficulty":0,"mills_central_rating":0,"footnotes":""},"brand":[],"recipe_category":[],"recipe_topic":[],"class_list":["post-34171","recipe","type-recipe","status-publish","hentry"],"yoast_head":"<!-- This site is optimized with the Yoast SEO Premium plugin v26.9 (Yoast SEO v26.9) - https:\/\/yoast.com\/product\/yoast-seo-premium-wordpress\/ -->\n<title>Syrlig eplesalat med sylteagurk - Mills<\/title>\n<meta name=\"robots\" content=\"index, follow, max-snippet:-1, max-image-preview:large, max-video-preview:-1\" \/>\n<link rel=\"canonical\" href=\"https:\/\/mills.no\/mills\/oppskrift\/syrlig-eplesalat-sylteagurk\/\" \/>\n<meta property=\"og:locale\" content=\"nb_NO\" \/>\n<meta property=\"og:type\" content=\"article\" \/>\n<meta property=\"og:title\" content=\"Syrlig eplesalat med sylteagurk\" \/>\n<meta property=\"og:description\" content=\"Denne eplesalaten er b\u00e5de s\u00f8t, frisk og syrlig p\u00e5 en og samme gang, og er utmerket tilbeh\u00f8r til r\u00f8kt juleskinke.&hellip;\" \/>\n<meta property=\"og:url\" content=\"https:\/\/mills.no\/mills\/oppskrift\/syrlig-eplesalat-sylteagurk\/\" \/>\n<meta property=\"og:site_name\" content=\"Mills\" \/>\n<meta property=\"article:modified_time\" content=\"2024-02-07T08:08:06+00:00\" \/>\n<meta name=\"twitter:card\" content=\"summary_large_image\" \/>\n<script type=\"application\/ld+json\" class=\"yoast-schema-graph\">{\"@context\":\"https:\/\/schema.org\",\"@graph\":[{\"@type\":\"WebPage\",\"@id\":\"https:\/\/mills.no\/mills\/oppskrift\/syrlig-eplesalat-sylteagurk\/\",\"url\":\"https:\/\/mills.no\/mills\/oppskrift\/syrlig-eplesalat-sylteagurk\/\",\"name\":\"Syrlig eplesalat med sylteagurk - Mills\",\"isPartOf\":{\"@id\":\"https:\/\/mills.no\/mills\/#website\"},\"datePublished\":\"2017-12-08T12:25:12+00:00\",\"dateModified\":\"2024-02-07T08:08:06+00:00\",\"breadcrumb\":{\"@id\":\"https:\/\/mills.no\/mills\/oppskrift\/syrlig-eplesalat-sylteagurk\/#breadcrumb\"},\"inLanguage\":\"nb-NO\",\"potentialAction\":[{\"@type\":\"ReadAction\",\"target\":[\"https:\/\/mills.no\/mills\/oppskrift\/syrlig-eplesalat-sylteagurk\/\"]}]},{\"@type\":\"BreadcrumbList\",\"@id\":\"https:\/\/mills.no\/mills\/oppskrift\/syrlig-eplesalat-sylteagurk\/#breadcrumb\",\"itemListElement\":[{\"@type\":\"ListItem\",\"position\":1,\"name\":\"Home\",\"item\":\"https:\/\/mills.no\/mills\/\"},{\"@type\":\"ListItem\",\"position\":2,\"name\":\"Oppskrifter\",\"item\":\"https:\/\/mills.no\/mills\/oppskrifter\/\"},{\"@type\":\"ListItem\",\"position\":3,\"name\":\"Syrlig eplesalat med sylteagurk\"}]},{\"@type\":\"WebSite\",\"@id\":\"https:\/\/mills.no\/mills\/#website\",\"url\":\"https:\/\/mills.no\/mills\/\",\"name\":\"Mills\",\"description\":\"Smaken p\u00e5 det gode liv siden 1951\",\"publisher\":{\"@id\":\"https:\/\/mills.no\/mills\/#organization\"},\"potentialAction\":[{\"@type\":\"SearchAction\",\"target\":{\"@type\":\"EntryPoint\",\"urlTemplate\":\"https:\/\/mills.no\/mills\/?s={search_term_string}\"},\"query-input\":{\"@type\":\"PropertyValueSpecification\",\"valueRequired\":true,\"valueName\":\"search_term_string\"}}],\"inLanguage\":\"nb-NO\"},{\"@type\":\"Organization\",\"@id\":\"https:\/\/mills.no\/mills\/#organization\",\"name\":\"Mills\",\"url\":\"https:\/\/mills.no\/mills\/\",\"logo\":{\"@type\":\"ImageObject\",\"inLanguage\":\"nb-NO\",\"@id\":\"https:\/\/mills.no\/mills\/#\/schema\/logo\/image\/\",\"url\":\"https:\/\/mills.no\/content\/uploads\/sites\/2\/2022\/06\/Mills-logo-farger.svg\",\"contentUrl\":\"https:\/\/mills.no\/content\/uploads\/sites\/2\/2022\/06\/Mills-logo-farger.svg\",\"caption\":\"Mills\"},\"image\":{\"@id\":\"https:\/\/mills.no\/mills\/#\/schema\/logo\/image\/\"}}]}<\/script>\n<!-- \/ Yoast SEO Premium plugin. -->","yoast_head_json":{"title":"Syrlig eplesalat med sylteagurk - Mills","robots":{"index":"index","follow":"follow","max-snippet":"max-snippet:-1","max-image-preview":"max-image-preview:large","max-video-preview":"max-video-preview:-1"},"canonical":"https:\/\/mills.no\/mills\/oppskrift\/syrlig-eplesalat-sylteagurk\/","og_locale":"nb_NO","og_type":"article","og_title":"Syrlig eplesalat med sylteagurk","og_description":"Denne eplesalaten er b\u00e5de s\u00f8t, frisk og syrlig p\u00e5 en og samme gang, og er utmerket tilbeh\u00f8r til r\u00f8kt juleskinke.&hellip;","og_url":"https:\/\/mills.no\/mills\/oppskrift\/syrlig-eplesalat-sylteagurk\/","og_site_name":"Mills","article_modified_time":"2024-02-07T08:08:06+00:00","twitter_card":"summary_large_image","schema":{"@context":"https:\/\/schema.org","@graph":[{"@type":"WebPage","@id":"https:\/\/mills.no\/mills\/oppskrift\/syrlig-eplesalat-sylteagurk\/","url":"https:\/\/mills.no\/mills\/oppskrift\/syrlig-eplesalat-sylteagurk\/","name":"Syrlig eplesalat med sylteagurk - Mills","isPartOf":{"@id":"https:\/\/mills.no\/mills\/#website"},"datePublished":"2017-12-08T12:25:12+00:00","dateModified":"2024-02-07T08:08:06+00:00","breadcrumb":{"@id":"https:\/\/mills.no\/mills\/oppskrift\/syrlig-eplesalat-sylteagurk\/#breadcrumb"},"inLanguage":"nb-NO","potentialAction":[{"@type":"ReadAction","target":["https:\/\/mills.no\/mills\/oppskrift\/syrlig-eplesalat-sylteagurk\/"]}]},{"@type":"BreadcrumbList","@id":"https:\/\/mills.no\/mills\/oppskrift\/syrlig-eplesalat-sylteagurk\/#breadcrumb","itemListElement":[{"@type":"ListItem","position":1,"name":"Home","item":"https:\/\/mills.no\/mills\/"},{"@type":"ListItem","position":2,"name":"Oppskrifter","item":"https:\/\/mills.no\/mills\/oppskrifter\/"},{"@type":"ListItem","position":3,"name":"Syrlig eplesalat med sylteagurk"}]},{"@type":"WebSite","@id":"https:\/\/mills.no\/mills\/#website","url":"https:\/\/mills.no\/mills\/","name":"Mills","description":"Smaken p\u00e5 det gode liv siden 1951","publisher":{"@id":"https:\/\/mills.no\/mills\/#organization"},"potentialAction":[{"@type":"SearchAction","target":{"@type":"EntryPoint","urlTemplate":"https:\/\/mills.no\/mills\/?s={search_term_string}"},"query-input":{"@type":"PropertyValueSpecification","valueRequired":true,"valueName":"search_term_string"}}],"inLanguage":"nb-NO"},{"@type":"Organization","@id":"https:\/\/mills.no\/mills\/#organization","name":"Mills","url":"https:\/\/mills.no\/mills\/","logo":{"@type":"ImageObject","inLanguage":"nb-NO","@id":"https:\/\/mills.no\/mills\/#\/schema\/logo\/image\/","url":"https:\/\/mills.no\/content\/uploads\/sites\/2\/2022\/06\/Mills-logo-farger.svg","contentUrl":"https:\/\/mills.no\/content\/uploads\/sites\/2\/2022\/06\/Mills-logo-farger.svg","caption":"Mills"},"image":{"@id":"https:\/\/mills.no\/mills\/#\/schema\/logo\/image\/"}}]}},"_links":{"self":[{"href":"https:\/\/mills.no\/mills\/wp-json\/wp\/v2\/recipe\/34171","targetHints":{"allow":["GET"]}}],"collection":[{"href":"https:\/\/mills.no\/mills\/wp-json\/wp\/v2\/recipe"}],"about":[{"href":"https:\/\/mills.no\/mills\/wp-json\/wp\/v2\/types\/recipe"}],"replies":[{"embeddable":true,"href":"https:\/\/mills.no\/mills\/wp-json\/wp\/v2\/comments?post=34171"}],"version-history":[{"count":0,"href":"https:\/\/mills.no\/mills\/wp-json\/wp\/v2\/recipe\/34171\/revisions"}],"wp:attachment":[{"href":"https:\/\/mills.no\/mills\/wp-json\/wp\/v2\/media?parent=34171"}],"wp:term":[{"taxonomy":"brand","embeddable":true,"href":"https:\/\/mills.no\/mills\/wp-json\/wp\/v2\/brand?post=34171"},{"taxonomy":"recipe_category","embeddable":true,"href":"https:\/\/mills.no\/mills\/wp-json\/wp\/v2\/recipe_category?post=34171"},{"taxonomy":"recipe_topic","embeddable":true,"href":"https:\/\/mills.no\/mills\/wp-json\/wp\/v2\/recipe_topic?post=34171"}],"curies":[{"name":"wp","href":"https:\/\/api.w.org\/{rel}","templated":true}]}}