{"id":33989,"date":"2018-04-25T09:18:42","date_gmt":"2018-04-25T07:18:42","guid":{"rendered":"https:\/\/mills.no\/oppskrift\/osso-bucco-alla-fiorentina\/"},"modified":"2024-02-07T09:07:13","modified_gmt":"2024-02-07T08:07:13","slug":"osso-bucco-alla-fiorentina","status":"publish","type":"recipe","link":"https:\/\/mills.no\/olivero\/oppskrift\/osso-bucco-alla-fiorentina\/","title":{"rendered":"Osso Bucco alla Fiorentina"},"content":{"rendered":"<div class=\"mills-block-featured alignwide alignwide wp-block-mills-block-featured\"><div class=\"wp-block-cover__inner-container\">\n<h1 class=\"has-text-align-center wp-block-post-title has-text-color has-neutral-1000-color\">Osso Bucco alla Fiorentina<\/h1>\n\n\t\t<div class=\"wp-block-mills-block-recipe-info\">\n\t\t\t\n\t\t\t\n\t\t<\/div>\n\n\t\t<div class=\"wp-block-mills-block-recipe-rating-comments\">\n\t\t\t<a class=\"mills-block-recipe-rating-comments-item\" href=\"#post-rating\">\n\t\t\t\t<div class=\"mills-block-recipe-rating-comments-icons\" style=\"--rating:0;\"><\/div>0\n\t\t\t<\/a>\n\t\t\t<div class=\"mills-block-recipe-rating-comments-item mills-block-recipe-rating-comments-item--comments\">0<\/div>\n\t\t<\/div>\n<div class=\"mills-block-social-share aligncenter wp-block-mills-social-share\"><div class=\"mills-social-share-content\"><a class=\"social-share-button social-share-button--email\" href=\"mailto:?&#038;subject=Ta%20en%20titt%20p\u00e5%20denne&#038;body=Kanskje%20er%20du%20interessert%20i%20dette:%20Osso%20Bucco%20alla%20Fiorentina,%20https:\/\/mills.no\/olivero\/oppskrift\/osso-bucco-alla-fiorentina\/\" title=\"Send e-post\"><span class=\"icon-IconMail\"><\/span><\/a><a class=\"social-share-button social-share-button--link\" href=\"https:\/\/mills.no\/olivero\/oppskrift\/osso-bucco-alla-fiorentina\/\" title=\"Kopier link\" data-text=\"Lenken er kopiert til utklippstavlen\"><span class=\"icon-Iconcopy-link\"><\/span><\/a><a class=\"social-share-button social-share-button--print\" href=\"javascript:window.print();\" title=\"Skriv ut side\"><span class=\"icon-IconPrint\"><\/span><\/a><\/div><\/div>\n<\/div><\/div>\n\n\t\t<div class=\"has-background has-neutral-0-background-color is-style-vertical-spacing alignwide wp-block-mills-section has-background has-neutral-0-background-color\">\n\t\t\t<div class=\"wp-block-mills-section__inner aligncenter\">\n\t\t\t\t\n<p class=\"t2-ingress has-text-align-center align wp-block-t2-ingress\">Osso bucco er en italiensk spesialitet som best\u00e5r av kalveskanker og en tomatbasert saus. Denne oppskriften p\u00e5 en klassisk osso bucco kommer fra Susanna og Carlo som driver den italienske restauranten Arno Ristorante i Oslo. Oppskriften er arvet fra Susannas bestemor i Firenze og serveres gjerne med gremolata.\n<\/p>\n\n\t\t\t<\/div>\n\t\t<\/div>\n\n\t\t<div class=\"has-background has-neutral-0-background-color is-style-vertical-spacing alignwide is-section-recipe alignwide wp-block-mills-section has-background has-neutral-0-background-color\">\n<div class=\"wp-block-columns alignwide has-neutral-0-background-color has-background is-layout-flex wp-container-core-columns-layout-1 wp-block-columns-is-layout-flex recipe-mobile-toggle-container\">\n\t<div class=\"recipe-mobile-toggle-wrapper\">\n\t\t<input\n\t\t\ttype=\"radio\"\n\t\t\tname=\"recipe-view\"\n\t\t\tid=\"recipe-mobile-toggle-option-ingredients\"\n\t\t\tvalue=\"ingredients\"\n\t\t\tchecked=\"checked\"\n\t\t\tclass=\"recipe-mobile-toggle-input\"\n\t\t\/>\n\t\t<label for=\"recipe-mobile-toggle-option-ingredients\" class=\"recipe-mobile-toggle-label\">\n\t\t\tIngredienser\t\t<\/label>\n\n\t\t<input type=\"radio\" name=\"recipe-view\" id=\"recipe-mobile-toggle-option-instructions\" value=\"instructions\" class=\"recipe-mobile-toggle-input\" \/>\n\t\t<label for=\"recipe-mobile-toggle-option-instructions\" class=\"recipe-mobile-toggle-label\">\n\t\t\tSlik gj\u00f8r du\t\t<\/label>\n\n\t\t<div class=\"recipe-mobile-toggle-indicator\"><\/div>\n\t<\/div>\n<\/div>\n\n\t\t\t<div class=\"wp-block-mills-section__inner alignwide\">\n\t\t\t\t\n\n<div class=\"alignwide has-background has-neutral-0-background-color wp-block-columns is-layout-flex wp-container-core-columns-is-layout-9d6595d7 wp-block-columns-is-layout-flex\">\n<div class=\"wp-block-column is-layout-flow wp-block-column-is-layout-flow\" style=\"flex-basis: 40%;\">\n\t\t<div class=\"mills-block-recipe-ingredients wp-block-mills-recipe-ingredients\">\n\t\t\t<div class=\"mills-block-recipe-ingredients-wrapper\">\n\t\t\t\t<div class=\"mills-block-recipe-ingredients-inner\">\n\t\t\t\t\t<div class=\"mills-block-recipe-ingredients-header\">\n\t\t\t\t\t\t<h3>Ingredienser<\/h3>\n\t\t\t\t\t\t\n\t\t\t\t<div class=\"mills-block-recipe-ingredients-controls\">\n\t\t\t\t\t<div class=\"mills-block-recipe-ingredients-button mills-block-recipe-ingredients-button--dec\"><span class=\"icon-Iconminus_remove\"><\/span><\/div>\n\t\t\t\t\t<div class=\"mills-block-recipe-ingredients-portion\" data-default=\"4\" data-single=\"%s porsjon\" data-plural=\"%s porsjon\">4 porsjon<\/div>\n\t\t\t\t\t<div class=\"mills-block-recipe-ingredients-button mills-block-recipe-ingredients-button--inc\"><span class=\"icon-Iconplus_add\"><\/span><\/div>\n\t\t\t\t<\/div>\n\t\t\t\t\t<\/div>\n\t\t\t\t\t<div class=\"mills-block-recipe-ingredients-lists\">\n\t\t\t\t\t\t\n\n\t\t<div class=\"mills-block-recipe-ingredients-list wp-block-mills-recipe-ingredients-list\">\n\t\t\t<div class=\"mills-block-recipe-ingredients-list-inner\">\n\t\t\t\t<h4><\/h4>\n\t\t\t\t<div class=\"mills-block-recipe-ingredients-list-ingredients\">\n\t\t\t\t\t\n\n\t\t<div class=\"mills-block-recipe-ingredients-list-ingredient wp-block-mills-recipe-ingredients-list-ingredient\">\n\t\t\t<div class=\"mills-block-recipe-ingredients-list-ingredient-inner\">\n\t\t\t\t<strong><span class=\"mills-block-recipe-ingredients-list-ingredient-value\" data-default=\"1.5\">1.5<\/span> kilo<\/strong> kalveskanker\n\t\t\t<\/div>\n\t\t\t\n\t\t<\/div>\n\n\t\t<div class=\"mills-block-recipe-ingredients-list-ingredient wp-block-mills-recipe-ingredients-list-ingredient\">\n\t\t\t<div class=\"mills-block-recipe-ingredients-list-ingredient-inner\">\n\t\t\t\t<strong><span class=\"mills-block-recipe-ingredients-list-ingredient-value\" data-default=\"2\">2<\/span> ss<\/strong> siktet hvetemel\n\t\t\t<\/div>\n\t\t\t\n\t\t<\/div>\n\n\t\t<div class=\"mills-block-recipe-ingredients-list-ingredient wp-block-mills-recipe-ingredients-list-ingredient\">\n\t\t\t<div class=\"mills-block-recipe-ingredients-list-ingredient-inner\">\n\t\t\t\t<strong><span class=\"mills-block-recipe-ingredients-list-ingredient-value\" data-default=\"1\">1<\/span> stk<\/strong> l\u00f8k\n\t\t\t<\/div>\n\t\t\t\n\t\t<\/div>\n\n\t\t<div class=\"mills-block-recipe-ingredients-list-ingredient wp-block-mills-recipe-ingredients-list-ingredient\">\n\t\t\t<div class=\"mills-block-recipe-ingredients-list-ingredient-inner\">\n\t\t\t\t<strong><span class=\"mills-block-recipe-ingredients-list-ingredient-value\" data-default=\"2\">2<\/span> ss<\/strong> fersk timian\n\t\t\t<\/div>\n\t\t\t\n\t\t<\/div>\n\n\t\t<div class=\"mills-block-recipe-ingredients-list-ingredient wp-block-mills-recipe-ingredients-list-ingredient\">\n\t\t\t<div class=\"mills-block-recipe-ingredients-list-ingredient-inner\">\n\t\t\t\t<strong><span class=\"mills-block-recipe-ingredients-list-ingredient-value\" data-default=\"2\">2<\/span> ss<\/strong> <a href=\"https:\/\/mills.no\/olivero\/produkt\/olivero\/\">Olivero Original<\/a>\n\t\t\t<\/div>\n\t\t\t\n\t\t<\/div>\n\n\t\t<div class=\"mills-block-recipe-ingredients-list-ingredient wp-block-mills-recipe-ingredients-list-ingredient\">\n\t\t\t<div class=\"mills-block-recipe-ingredients-list-ingredient-inner\">\n\t\t\t\t<strong><span class=\"mills-block-recipe-ingredients-list-ingredient-value\" data-default=\"2.5\">2.5<\/span> dl<\/strong> r\u00f8dvin\n\t\t\t<\/div>\n\t\t\t\n\t\t<\/div>\n\n\t\t<div class=\"mills-block-recipe-ingredients-list-ingredient wp-block-mills-recipe-ingredients-list-ingredient\">\n\t\t\t<div class=\"mills-block-recipe-ingredients-list-ingredient-inner\">\n\t\t\t\t<strong><span class=\"mills-block-recipe-ingredients-list-ingredient-value\" data-default=\"5\">5<\/span> dl<\/strong> oksebuljong\n\t\t\t<\/div>\n\t\t\t\n\t\t<\/div>\n\n\t\t<div class=\"mills-block-recipe-ingredients-list-ingredient wp-block-mills-recipe-ingredients-list-ingredient\">\n\t\t\t<div class=\"mills-block-recipe-ingredients-list-ingredient-inner\">\n\t\t\t\t<strong><span class=\"mills-block-recipe-ingredients-list-ingredient-value\" data-default=\"6\">6<\/span> ss<\/strong> tomatpure\n\t\t\t<\/div>\n\t\t\t\n\t\t<\/div>\n\n\t\t<div class=\"mills-block-recipe-ingredients-list-ingredient wp-block-mills-recipe-ingredients-list-ingredient\">\n\t\t\t<div class=\"mills-block-recipe-ingredients-list-ingredient-inner\">\n\t\t\t\t<strong><span class=\"mills-block-recipe-ingredients-list-ingredient-value\" data-default=\"1\">1<\/span> ts<\/strong> salt\n\t\t\t<\/div>\n\t\t\t\n\t\t<\/div>\n\n\t\t<div class=\"mills-block-recipe-ingredients-list-ingredient wp-block-mills-recipe-ingredients-list-ingredient\">\n\t\t\t<div class=\"mills-block-recipe-ingredients-list-ingredient-inner\">\n\t\t\t\t<strong><span class=\"mills-block-recipe-ingredients-list-ingredient-value\" data-default=\"1\">1<\/span> ts<\/strong> pepper\n\t\t\t<\/div>\n\t\t\t\n\t\t<\/div>\n\n\t\t\t\t<\/div>\n\t\t\t<\/div>\n\t\t<\/div>\n\n\t\t<div class=\"mills-block-recipe-ingredients-list wp-block-mills-recipe-ingredients-list\">\n\t\t\t<div class=\"mills-block-recipe-ingredients-list-inner\">\n\t\t\t\t<h4>Gremolata<\/h4>\n\t\t\t\t<div class=\"mills-block-recipe-ingredients-list-ingredients\">\n\t\t\t\t\t\n\n\t\t<div class=\"mills-block-recipe-ingredients-list-ingredient wp-block-mills-recipe-ingredients-list-ingredient\">\n\t\t\t<div class=\"mills-block-recipe-ingredients-list-ingredient-inner\">\n\t\t\t\t<strong><span class=\"mills-block-recipe-ingredients-list-ingredient-value\" data-default=\"3\">3<\/span> fedd<\/strong> hvitl\u00f8k\n\t\t\t<\/div>\n\t\t\t\n\t\t<\/div>\n\n\t\t<div class=\"mills-block-recipe-ingredients-list-ingredient wp-block-mills-recipe-ingredients-list-ingredient\">\n\t\t\t<div class=\"mills-block-recipe-ingredients-list-ingredient-inner\">\n\t\t\t\t<strong><span class=\"mills-block-recipe-ingredients-list-ingredient-value\" data-default=\"100\">100<\/span> gram<\/strong> bladpersille\n\t\t\t<\/div>\n\t\t\t\n\t\t<\/div>\n\n\t\t<div class=\"mills-block-recipe-ingredients-list-ingredient wp-block-mills-recipe-ingredients-list-ingredient\">\n\t\t\t<div class=\"mills-block-recipe-ingredients-list-ingredient-inner\">\n\t\t\t\t<strong><span class=\"mills-block-recipe-ingredients-list-ingredient-value\" data-default=\"1\">1<\/span> stk<\/strong> sitron\n\t\t\t<\/div>\n\t\t\t\n\t\t<\/div>\n\n\t\t\t\t<\/div>\n\t\t\t<\/div>\n\t\t<\/div>\n\n\t\t\t\t\t<\/div>\n\t\t\t\t<\/div>\n\t\t\t<\/div>\n\t\t\t\n\t\t<\/div>\n<\/div>\n\n<div class=\"wp-block-column is-layout-flow wp-block-column-is-layout-flow\" style=\"flex-basis: 60%;\">\n<h2 class=\"wp-block-heading\" >Slik gj\u00f8r du<\/h2>\n\n<div class=\"wp-block-group is-layout-flow wp-block-group-is-layout-flow\">\n\t\t<div class=\"wp-block-mills-recipe-instructions\">\n\t\t\t\n\t\t\t<div class=\"mills-block-recipe-instructions-steps\">\n\t\t\t\t\n\n\t\t<a href=\"#step-1\" id=\"step-1\" class=\"mills-block-recipe-instructions-step wp-block-mills-recipe-instructions-step\" onClick=\"return false;\">\n\t\t\t<div class=\"mills-block-recipe-instructions-step-left\">\n\t\t\t\t<div class=\"mills-block-recipe-instructions-step-indicator\">\n\t\t\t\t\t<div class=\"mills-block-recipe-instructions-step-checked\"><\/div>\n\t\t\t\t<\/div>\n\t\t\t<\/div>\n\t\t\t<div class=\"mills-block-recipe-instructions-step-inner\">\n\t\t\t\t<div class=\"mills-block-recipe-instructions-step-inner-body\">\n\t\t\t\t\t<p class=\"has-text-color has-neutral-1000-color\">1. Skj\u00e6r tre snitt langs kantene p\u00e5 kalveskankene slik at de ikke kr\u00f8ller seg under steking.<\/p>\n\n\t\t\t\t<\/div>\n\t\t\t<\/div>\n\t\t<\/a>\n\n\t\t<a href=\"#step-2\" id=\"step-2\" class=\"mills-block-recipe-instructions-step wp-block-mills-recipe-instructions-step\" onClick=\"return false;\">\n\t\t\t<div class=\"mills-block-recipe-instructions-step-left\">\n\t\t\t\t<div class=\"mills-block-recipe-instructions-step-indicator\">\n\t\t\t\t\t<div class=\"mills-block-recipe-instructions-step-checked\"><\/div>\n\t\t\t\t<\/div>\n\t\t\t<\/div>\n\t\t\t<div class=\"mills-block-recipe-instructions-step-inner\">\n\t\t\t\t<div class=\"mills-block-recipe-instructions-step-inner-body\">\n\t\t\t\t\t<p class=\"has-text-color has-neutral-1000-color\">2. Bland hvetemel med salt og pepper p\u00e5 en tallerken, og vend kalveskankene i melet p\u00e5 begge sider.<\/p>\n\n\t\t\t\t<\/div>\n\t\t\t<\/div>\n\t\t<\/a>\n\n\t\t<a href=\"#step-3\" id=\"step-3\" class=\"mills-block-recipe-instructions-step wp-block-mills-recipe-instructions-step\" onClick=\"return false;\">\n\t\t\t<div class=\"mills-block-recipe-instructions-step-left\">\n\t\t\t\t<div class=\"mills-block-recipe-instructions-step-indicator\">\n\t\t\t\t\t<div class=\"mills-block-recipe-instructions-step-checked\"><\/div>\n\t\t\t\t<\/div>\n\t\t\t<\/div>\n\t\t\t<div class=\"mills-block-recipe-instructions-step-inner\">\n\t\t\t\t<div class=\"mills-block-recipe-instructions-step-inner-body\">\n\t\t\t\t\t<p class=\"has-text-color has-neutral-1000-color\">3. Finhakk l\u00f8k og timian.<\/p>\n\n\t\t\t\t<\/div>\n\t\t\t<\/div>\n\t\t<\/a>\n\n\t\t<a href=\"#step-4\" id=\"step-4\" class=\"mills-block-recipe-instructions-step wp-block-mills-recipe-instructions-step\" onClick=\"return false;\">\n\t\t\t<div class=\"mills-block-recipe-instructions-step-left\">\n\t\t\t\t<div class=\"mills-block-recipe-instructions-step-indicator\">\n\t\t\t\t\t<div class=\"mills-block-recipe-instructions-step-checked\"><\/div>\n\t\t\t\t<\/div>\n\t\t\t<\/div>\n\t\t\t<div class=\"mills-block-recipe-instructions-step-inner\">\n\t\t\t\t<div class=\"mills-block-recipe-instructions-step-inner-body\">\n\t\t\t\t\t<p class=\"has-text-color has-neutral-1000-color\">4. Varm opp en stekepanne med Olivero p\u00e5 middels varme. Ha i finhakket l\u00f8k, timian og kalveskanker. Brun kalveskankene p\u00e5 begge sider til de er jevnt brune.<\/p>\n\n\t\t\t\t<\/div>\n\t\t\t<\/div>\n\t\t<\/a>\n\n\t\t<a href=\"#step-5\" id=\"step-5\" class=\"mills-block-recipe-instructions-step wp-block-mills-recipe-instructions-step\" onClick=\"return false;\">\n\t\t\t<div class=\"mills-block-recipe-instructions-step-left\">\n\t\t\t\t<div class=\"mills-block-recipe-instructions-step-indicator\">\n\t\t\t\t\t<div class=\"mills-block-recipe-instructions-step-checked\"><\/div>\n\t\t\t\t<\/div>\n\t\t\t<\/div>\n\t\t\t<div class=\"mills-block-recipe-instructions-step-inner\">\n\t\t\t\t<div class=\"mills-block-recipe-instructions-step-inner-body\">\n\t\t\t\t\t<p class=\"has-text-color has-neutral-1000-color\">5. Varm opp en gryte p\u00e5 lav varme og tilsett r\u00f8dvin.<\/p>\n\n\t\t\t\t<\/div>\n\t\t\t<\/div>\n\t\t<\/a>\n\n\t\t<a href=\"#step-6\" id=\"step-6\" class=\"mills-block-recipe-instructions-step wp-block-mills-recipe-instructions-step\" onClick=\"return false;\">\n\t\t\t<div class=\"mills-block-recipe-instructions-step-left\">\n\t\t\t\t<div class=\"mills-block-recipe-instructions-step-indicator\">\n\t\t\t\t\t<div class=\"mills-block-recipe-instructions-step-checked\"><\/div>\n\t\t\t\t<\/div>\n\t\t\t<\/div>\n\t\t\t<div class=\"mills-block-recipe-instructions-step-inner\">\n\t\t\t\t<div class=\"mills-block-recipe-instructions-step-inner-body\">\n\t\t\t\t\t<p class=\"has-text-color has-neutral-1000-color\">6. Ha i de brunede kalveskankene, l\u00f8k og timian. La det sm\u00e5koke i ca. 10 minutter, eller til r\u00f8dvinen har fordampet, og tilsett oksebuljongen.<\/p>\n\n\t\t\t\t<\/div>\n\t\t\t<\/div>\n\t\t<\/a>\n\n\t\t<a href=\"#step-7\" id=\"step-7\" class=\"mills-block-recipe-instructions-step wp-block-mills-recipe-instructions-step\" onClick=\"return false;\">\n\t\t\t<div class=\"mills-block-recipe-instructions-step-left\">\n\t\t\t\t<div class=\"mills-block-recipe-instructions-step-indicator\">\n\t\t\t\t\t<div class=\"mills-block-recipe-instructions-step-checked\"><\/div>\n\t\t\t\t<\/div>\n\t\t\t<\/div>\n\t\t\t<div class=\"mills-block-recipe-instructions-step-inner\">\n\t\t\t\t<div class=\"mills-block-recipe-instructions-step-inner-body\">\n\t\t\t\t\t<p class=\"has-text-color has-neutral-1000-color\">7. Ha i tomatpure, salt og pepper.<\/p>\n\n\t\t\t\t<\/div>\n\t\t\t<\/div>\n\t\t<\/a>\n\n\t\t<a href=\"#step-8\" id=\"step-8\" class=\"mills-block-recipe-instructions-step wp-block-mills-recipe-instructions-step\" onClick=\"return false;\">\n\t\t\t<div class=\"mills-block-recipe-instructions-step-left\">\n\t\t\t\t<div class=\"mills-block-recipe-instructions-step-indicator\">\n\t\t\t\t\t<div class=\"mills-block-recipe-instructions-step-checked\"><\/div>\n\t\t\t\t<\/div>\n\t\t\t<\/div>\n\t\t\t<div class=\"mills-block-recipe-instructions-step-inner\">\n\t\t\t\t<div class=\"mills-block-recipe-instructions-step-inner-body\">\n\t\t\t\t\t<p class=\"has-text-color has-neutral-1000-color\">8. La osso buccoen sm\u00e5koke p\u00e5 lav varme med lokket p\u00e5 i omtrent 2 timer. Tilsett eventuelt mer oksebuljong om det begynner \u00e5 bli t\u00f8rt. N\u00e5r kj\u00f8ttet er m\u00f8rt, er osso buccoen klar for servering. Server gjerne med gremolata.<\/p>\n\n\t\t\t\t<\/div>\n\t\t\t<\/div>\n\t\t<\/a>\n\n\t\t\t<\/div>\n\t\t<\/div>\n\n\t\t<div class=\"wp-block-mills-recipe-instructions\">\n\t\t\t\n\t\t<h3 class=\"mills-block-recipe-instructions-steps-title\">\n\t\t\tGremolata\n\t\t<\/h3>\n\t\t\t<div class=\"mills-block-recipe-instructions-steps\">\n\t\t\t\t\n\n\t\t<a href=\"#step-gremolata-1\" id=\"step-gremolata-1\" class=\"mills-block-recipe-instructions-step wp-block-mills-recipe-instructions-step\" onClick=\"return false;\">\n\t\t\t<div class=\"mills-block-recipe-instructions-step-left\">\n\t\t\t\t<div class=\"mills-block-recipe-instructions-step-indicator\">\n\t\t\t\t\t<div class=\"mills-block-recipe-instructions-step-checked\"><\/div>\n\t\t\t\t<\/div>\n\t\t\t<\/div>\n\t\t\t<div class=\"mills-block-recipe-instructions-step-inner\">\n\t\t\t\t<div class=\"mills-block-recipe-instructions-step-inner-body\">\n\t\t\t\t\t<p class=\"has-text-color has-neutral-1000-color\">1. Finhakk hvitl\u00f8k og bladpersille, og rasp sitronskallet fra sitronen med den fine delen av et rivjern. Bland alt sammen og server til osso buccoen.<\/p>\n\n\t\t\t\t<\/div>\n\t\t\t<\/div>\n\t\t<\/a>\n\n\t\t\t<\/div>\n\t\t<\/div>\n<\/div>\n\n\t\t<div id=\"post-rating\" class=\"wp-block-mills-block-recipe-rating\">\n\t\t\t<div class=\"mills-block-recipe-rating-title\">Hva synes du om oppskriften?<\/div>\n\t\t\t<div class=\"mills-block-recipe-rating-stars\">\n\t\t\t\t<div class=\"mills-block-recipe-rating-star\"><\/div>\n\t\t\t\t<div class=\"mills-block-recipe-rating-star\"><\/div>\n\t\t\t\t<div class=\"mills-block-recipe-rating-star\"><\/div>\n\t\t\t\t<div class=\"mills-block-recipe-rating-star\"><\/div>\n\t\t\t\t<div class=\"mills-block-recipe-rating-star\"><\/div>\n\t\t\t<\/div>\n\t\t<\/div>\n<\/div>\n<\/div>\n\n\t\t\t<\/div>\n\t\t<\/div>\n\n\t\t<div class=\"has-background has-neutral-0-background-color is-style-vertical-spacing is-style-horizontal-spacing alignwide wp-block-mills-section has-background has-neutral-0-background-color\">\n\t\t\t<div class=\"wp-block-mills-section__inner alignwide\">\n\t\t\t\t\n<div class=\"alignwide wp-block-mills-comments\"><\/div>\n\n\t\t\t<\/div>\n\t\t<\/div>","protected":false},"excerpt":{"rendered":"<p>Osso bucco er en italiensk spesialitet som best\u00e5r av kalveskanker og en tomatbasert saus. Denne oppskriften p\u00e5 en klassisk osso&hellip;<\/p>\n","protected":false},"featured_media":0,"menu_order":0,"comment_status":"open","ping_status":"closed","template":"","meta":{"_searchwp_excluded":"","hide_post_title":false,"mills_central_time":0,"mills_central_difficulty":0,"mills_central_rating":0,"footnotes":""},"brand":[],"recipe_category":[],"recipe_topic":[],"class_list":["post-33989","recipe","type-recipe","status-publish","hentry"],"yoast_head":"<!-- This site is optimized with the Yoast SEO Premium plugin v26.9 (Yoast SEO v26.9) - https:\/\/yoast.com\/product\/yoast-seo-premium-wordpress\/ -->\n<title>Osso Bucco alla Fiorentina - Olivero<\/title>\n<meta name=\"robots\" content=\"index, follow, max-snippet:-1, max-image-preview:large, max-video-preview:-1\" \/>\n<link rel=\"canonical\" href=\"https:\/\/mills.no\/olivero\/oppskrift\/osso-bucco-alla-fiorentina\/\" \/>\n<meta property=\"og:locale\" content=\"nb_NO\" \/>\n<meta property=\"og:type\" content=\"article\" \/>\n<meta property=\"og:title\" content=\"Osso Bucco alla Fiorentina\" \/>\n<meta property=\"og:description\" content=\"Osso bucco er en italiensk spesialitet som best\u00e5r av kalveskanker og en tomatbasert saus. Denne oppskriften p\u00e5 en klassisk osso&hellip;\" \/>\n<meta property=\"og:url\" content=\"https:\/\/mills.no\/olivero\/oppskrift\/osso-bucco-alla-fiorentina\/\" \/>\n<meta property=\"og:site_name\" content=\"Olivero\" \/>\n<meta property=\"article:modified_time\" content=\"2024-02-07T08:07:13+00:00\" \/>\n<meta name=\"twitter:card\" content=\"summary_large_image\" \/>\n<meta name=\"twitter:label1\" content=\"Ansl. lesetid\" \/>\n\t<meta name=\"twitter:data1\" content=\"1 minutt\" \/>\n<script type=\"application\/ld+json\" class=\"yoast-schema-graph\">{\"@context\":\"https:\/\/schema.org\",\"@graph\":[{\"@type\":\"WebPage\",\"@id\":\"https:\/\/mills.no\/olivero\/oppskrift\/osso-bucco-alla-fiorentina\/\",\"url\":\"https:\/\/mills.no\/olivero\/oppskrift\/osso-bucco-alla-fiorentina\/\",\"name\":\"Osso Bucco alla Fiorentina - Olivero\",\"isPartOf\":{\"@id\":\"https:\/\/mills.no\/olivero\/#website\"},\"datePublished\":\"2018-04-25T07:18:42+00:00\",\"dateModified\":\"2024-02-07T08:07:13+00:00\",\"breadcrumb\":{\"@id\":\"https:\/\/mills.no\/olivero\/oppskrift\/osso-bucco-alla-fiorentina\/#breadcrumb\"},\"inLanguage\":\"nb-NO\",\"potentialAction\":[{\"@type\":\"ReadAction\",\"target\":[\"https:\/\/mills.no\/olivero\/oppskrift\/osso-bucco-alla-fiorentina\/\"]}]},{\"@type\":\"BreadcrumbList\",\"@id\":\"https:\/\/mills.no\/olivero\/oppskrift\/osso-bucco-alla-fiorentina\/#breadcrumb\",\"itemListElement\":[{\"@type\":\"ListItem\",\"position\":1,\"name\":\"Home\",\"item\":\"https:\/\/mills.no\/olivero\/\"},{\"@type\":\"ListItem\",\"position\":2,\"name\":\"Oppskrifter\",\"item\":\"https:\/\/mills.no\/olivero\/oppskrifter\/\"},{\"@type\":\"ListItem\",\"position\":3,\"name\":\"Osso Bucco alla Fiorentina\"}]},{\"@type\":\"WebSite\",\"@id\":\"https:\/\/mills.no\/olivero\/#website\",\"url\":\"https:\/\/mills.no\/olivero\/\",\"name\":\"Olivero\",\"description\":\"\",\"publisher\":{\"@id\":\"https:\/\/mills.no\/olivero\/#organization\"},\"potentialAction\":[{\"@type\":\"SearchAction\",\"target\":{\"@type\":\"EntryPoint\",\"urlTemplate\":\"https:\/\/mills.no\/olivero\/?s={search_term_string}\"},\"query-input\":{\"@type\":\"PropertyValueSpecification\",\"valueRequired\":true,\"valueName\":\"search_term_string\"}}],\"inLanguage\":\"nb-NO\"},{\"@type\":\"Organization\",\"@id\":\"https:\/\/mills.no\/olivero\/#organization\",\"name\":\"Olivero\",\"url\":\"https:\/\/mills.no\/olivero\/\",\"logo\":{\"@type\":\"ImageObject\",\"inLanguage\":\"nb-NO\",\"@id\":\"https:\/\/mills.no\/olivero\/#\/schema\/logo\/image\/\",\"url\":\"https:\/\/mills.no\/content\/uploads\/sites\/7\/2026\/01\/Olivero_Logo_CMYK.svg\",\"contentUrl\":\"https:\/\/mills.no\/content\/uploads\/sites\/7\/2026\/01\/Olivero_Logo_CMYK.svg\",\"caption\":\"Olivero\"},\"image\":{\"@id\":\"https:\/\/mills.no\/olivero\/#\/schema\/logo\/image\/\"}}]}<\/script>\n<!-- \/ Yoast SEO Premium plugin. -->","yoast_head_json":{"title":"Osso Bucco alla Fiorentina - Olivero","robots":{"index":"index","follow":"follow","max-snippet":"max-snippet:-1","max-image-preview":"max-image-preview:large","max-video-preview":"max-video-preview:-1"},"canonical":"https:\/\/mills.no\/olivero\/oppskrift\/osso-bucco-alla-fiorentina\/","og_locale":"nb_NO","og_type":"article","og_title":"Osso Bucco alla Fiorentina","og_description":"Osso bucco er en italiensk spesialitet som best\u00e5r av kalveskanker og en tomatbasert saus. Denne oppskriften p\u00e5 en klassisk osso&hellip;","og_url":"https:\/\/mills.no\/olivero\/oppskrift\/osso-bucco-alla-fiorentina\/","og_site_name":"Olivero","article_modified_time":"2024-02-07T08:07:13+00:00","twitter_card":"summary_large_image","twitter_misc":{"Ansl. lesetid":"1 minutt"},"schema":{"@context":"https:\/\/schema.org","@graph":[{"@type":"WebPage","@id":"https:\/\/mills.no\/olivero\/oppskrift\/osso-bucco-alla-fiorentina\/","url":"https:\/\/mills.no\/olivero\/oppskrift\/osso-bucco-alla-fiorentina\/","name":"Osso Bucco alla Fiorentina - Olivero","isPartOf":{"@id":"https:\/\/mills.no\/olivero\/#website"},"datePublished":"2018-04-25T07:18:42+00:00","dateModified":"2024-02-07T08:07:13+00:00","breadcrumb":{"@id":"https:\/\/mills.no\/olivero\/oppskrift\/osso-bucco-alla-fiorentina\/#breadcrumb"},"inLanguage":"nb-NO","potentialAction":[{"@type":"ReadAction","target":["https:\/\/mills.no\/olivero\/oppskrift\/osso-bucco-alla-fiorentina\/"]}]},{"@type":"BreadcrumbList","@id":"https:\/\/mills.no\/olivero\/oppskrift\/osso-bucco-alla-fiorentina\/#breadcrumb","itemListElement":[{"@type":"ListItem","position":1,"name":"Home","item":"https:\/\/mills.no\/olivero\/"},{"@type":"ListItem","position":2,"name":"Oppskrifter","item":"https:\/\/mills.no\/olivero\/oppskrifter\/"},{"@type":"ListItem","position":3,"name":"Osso Bucco alla Fiorentina"}]},{"@type":"WebSite","@id":"https:\/\/mills.no\/olivero\/#website","url":"https:\/\/mills.no\/olivero\/","name":"Olivero","description":"","publisher":{"@id":"https:\/\/mills.no\/olivero\/#organization"},"potentialAction":[{"@type":"SearchAction","target":{"@type":"EntryPoint","urlTemplate":"https:\/\/mills.no\/olivero\/?s={search_term_string}"},"query-input":{"@type":"PropertyValueSpecification","valueRequired":true,"valueName":"search_term_string"}}],"inLanguage":"nb-NO"},{"@type":"Organization","@id":"https:\/\/mills.no\/olivero\/#organization","name":"Olivero","url":"https:\/\/mills.no\/olivero\/","logo":{"@type":"ImageObject","inLanguage":"nb-NO","@id":"https:\/\/mills.no\/olivero\/#\/schema\/logo\/image\/","url":"https:\/\/mills.no\/content\/uploads\/sites\/7\/2026\/01\/Olivero_Logo_CMYK.svg","contentUrl":"https:\/\/mills.no\/content\/uploads\/sites\/7\/2026\/01\/Olivero_Logo_CMYK.svg","caption":"Olivero"},"image":{"@id":"https:\/\/mills.no\/olivero\/#\/schema\/logo\/image\/"}}]}},"_links":{"self":[{"href":"https:\/\/mills.no\/olivero\/wp-json\/wp\/v2\/recipe\/33989","targetHints":{"allow":["GET"]}}],"collection":[{"href":"https:\/\/mills.no\/olivero\/wp-json\/wp\/v2\/recipe"}],"about":[{"href":"https:\/\/mills.no\/olivero\/wp-json\/wp\/v2\/types\/recipe"}],"replies":[{"embeddable":true,"href":"https:\/\/mills.no\/olivero\/wp-json\/wp\/v2\/comments?post=33989"}],"version-history":[{"count":0,"href":"https:\/\/mills.no\/olivero\/wp-json\/wp\/v2\/recipe\/33989\/revisions"}],"wp:attachment":[{"href":"https:\/\/mills.no\/olivero\/wp-json\/wp\/v2\/media?parent=33989"}],"wp:term":[{"taxonomy":"brand","embeddable":true,"href":"https:\/\/mills.no\/olivero\/wp-json\/wp\/v2\/brand?post=33989"},{"taxonomy":"recipe_category","embeddable":true,"href":"https:\/\/mills.no\/olivero\/wp-json\/wp\/v2\/recipe_category?post=33989"},{"taxonomy":"recipe_topic","embeddable":true,"href":"https:\/\/mills.no\/olivero\/wp-json\/wp\/v2\/recipe_topic?post=33989"}],"curies":[{"name":"wp","href":"https:\/\/api.w.org\/{rel}","templated":true}]}}