{"id":33616,"date":"2019-02-17T18:27:58","date_gmt":"2019-02-17T17:27:58","guid":{"rendered":"https:\/\/mills.no\/oppskrift\/grovt-langpannebrod-med-yoghurt-og-solsikkefro\/"},"modified":"2024-02-07T09:05:20","modified_gmt":"2024-02-07T08:05:20","slug":"grovt-langpannebrod-med-yoghurt-og-solsikkefro","status":"publish","type":"recipe","link":"https:\/\/mills.no\/soft-flora\/oppskrift\/grovt-langpannebrod-med-yoghurt-og-solsikkefro\/","title":{"rendered":"Grovt langpannebr\u00f8d med yoghurt og solsikkefr\u00f8"},"content":{"rendered":"<div class=\"mills-block-featured alignwide alignwide wp-block-mills-block-featured\"><div class=\"wp-block-cover__inner-container\">\n<h1 class=\"has-text-align-center wp-block-post-title has-text-color has-neutral-1000-color\">Grovt langpannebr\u00f8d med yoghurt og solsikkefr\u00f8<\/h1>\n\n\t\t<div class=\"wp-block-mills-block-recipe-info\">\n\t\t\t\n\t\t\t\n\t\t<\/div>\n\n\t\t<div class=\"wp-block-mills-block-recipe-rating-comments\">\n\t\t\t<a class=\"mills-block-recipe-rating-comments-item\" href=\"#post-rating\">\n\t\t\t\t<div class=\"mills-block-recipe-rating-comments-icons\" style=\"--rating:0;\"><\/div>0\n\t\t\t<\/a>\n\t\t\t<div class=\"mills-block-recipe-rating-comments-item mills-block-recipe-rating-comments-item--comments\">4<\/div>\n\t\t<\/div>\n<div class=\"mills-block-social-share aligncenter wp-block-mills-social-share\"><div class=\"mills-social-share-content\"><a class=\"social-share-button social-share-button--email\" href=\"mailto:?&#038;subject=Ta%20en%20titt%20p\u00e5%20denne&#038;body=Kanskje%20er%20du%20interessert%20i%20dette:%20Grovt%20langpannebr\u00f8d%20med%20yoghurt%20og%20solsikkefr\u00f8,%20https:\/\/mills.no\/soft-flora\/oppskrift\/grovt-langpannebrod-med-yoghurt-og-solsikkefro\/\" title=\"Send e-post\"><span class=\"icon-IconMail\"><\/span><\/a><a class=\"social-share-button social-share-button--link\" href=\"https:\/\/mills.no\/soft-flora\/oppskrift\/grovt-langpannebrod-med-yoghurt-og-solsikkefro\/\" title=\"Kopier link\" data-text=\"Lenken er kopiert til utklippstavlen\"><span class=\"icon-Iconcopy-link\"><\/span><\/a><a class=\"social-share-button social-share-button--print\" href=\"javascript:window.print();\" title=\"Skriv ut side\"><span class=\"icon-IconPrint\"><\/span><\/a><\/div><\/div>\n<\/div><\/div>\n\n\t\t<div class=\"has-background has-neutral-0-background-color is-style-vertical-spacing alignwide wp-block-mills-section has-background has-neutral-0-background-color\">\n\t\t\t<div class=\"wp-block-mills-section__inner aligncenter\">\n\t\t\t\t\n<p class=\"t2-ingress has-text-align-center align wp-block-t2-ingress\">Med et langpannebr\u00f8d er det enkelt \u00e5 lage ferskt br\u00f8d til b\u00e5de store og sm\u00e5. Dette langpannebr\u00f8det er laget med grovt mel som metter godt, og yoghurt som gj\u00f8r det ekstra saftig og mykt. Oppskriften gir 1 langpannebr\u00f8d.\n<\/p>\n\n\t\t\t<\/div>\n\t\t<\/div>\n\n\t\t<div class=\"has-background has-neutral-0-background-color is-style-vertical-spacing alignwide is-section-recipe alignwide wp-block-mills-section has-background has-neutral-0-background-color\">\n<div class=\"wp-block-columns alignwide has-neutral-0-background-color has-background is-layout-flex wp-container-core-columns-layout-1 wp-block-columns-is-layout-flex recipe-mobile-toggle-container\">\n\t<div class=\"recipe-mobile-toggle-wrapper\">\n\t\t<input\n\t\t\ttype=\"radio\"\n\t\t\tname=\"recipe-view\"\n\t\t\tid=\"recipe-mobile-toggle-option-ingredients\"\n\t\t\tvalue=\"ingredients\"\n\t\t\tchecked=\"checked\"\n\t\t\tclass=\"recipe-mobile-toggle-input\"\n\t\t\/>\n\t\t<label for=\"recipe-mobile-toggle-option-ingredients\" class=\"recipe-mobile-toggle-label\">\n\t\t\tIngredienser\t\t<\/label>\n\n\t\t<input type=\"radio\" name=\"recipe-view\" id=\"recipe-mobile-toggle-option-instructions\" value=\"instructions\" class=\"recipe-mobile-toggle-input\" \/>\n\t\t<label for=\"recipe-mobile-toggle-option-instructions\" class=\"recipe-mobile-toggle-label\">\n\t\t\tSlik gj\u00f8r du\t\t<\/label>\n\n\t\t<div class=\"recipe-mobile-toggle-indicator\"><\/div>\n\t<\/div>\n<\/div>\n\n\t\t\t<div class=\"wp-block-mills-section__inner alignwide\">\n\t\t\t\t\n\n<div class=\"alignwide has-background has-neutral-0-background-color wp-block-columns is-layout-flex wp-container-core-columns-is-layout-9d6595d7 wp-block-columns-is-layout-flex\">\n<div class=\"wp-block-column is-layout-flow wp-block-column-is-layout-flow\" style=\"flex-basis: 40%;\">\n\t\t<div class=\"mills-block-recipe-ingredients wp-block-mills-recipe-ingredients\">\n\t\t\t<div class=\"mills-block-recipe-ingredients-wrapper\">\n\t\t\t\t<div class=\"mills-block-recipe-ingredients-inner\">\n\t\t\t\t\t<div class=\"mills-block-recipe-ingredients-header\">\n\t\t\t\t\t\t<h3>Ingredienser<\/h3>\n\t\t\t\t\t\t\n\t\t\t\t<div class=\"mills-block-recipe-ingredients-controls\">\n\t\t\t\t\t<div class=\"mills-block-recipe-ingredients-button mills-block-recipe-ingredients-button--dec\"><span class=\"icon-Iconminus_remove\"><\/span><\/div>\n\t\t\t\t\t<div class=\"mills-block-recipe-ingredients-portion\" data-default=\"2\" data-single=\"%s porsjon\" data-plural=\"%s porsjon\">2 porsjon<\/div>\n\t\t\t\t\t<div class=\"mills-block-recipe-ingredients-button mills-block-recipe-ingredients-button--inc\"><span class=\"icon-Iconplus_add\"><\/span><\/div>\n\t\t\t\t<\/div>\n\t\t\t\t\t<\/div>\n\t\t\t\t\t<div class=\"mills-block-recipe-ingredients-lists\">\n\t\t\t\t\t\t\n\n\t\t<div class=\"mills-block-recipe-ingredients-list wp-block-mills-recipe-ingredients-list\">\n\t\t\t<div class=\"mills-block-recipe-ingredients-list-inner\">\n\t\t\t\t<h4><\/h4>\n\t\t\t\t<div class=\"mills-block-recipe-ingredients-list-ingredients\">\n\t\t\t\t\t\n\n\t\t<div class=\"mills-block-recipe-ingredients-list-ingredient wp-block-mills-recipe-ingredients-list-ingredient\">\n\t\t\t<div class=\"mills-block-recipe-ingredients-list-ingredient-inner\">\n\t\t\t\t<strong><span class=\"mills-block-recipe-ingredients-list-ingredient-value\" data-default=\"450\">450<\/span> gram<\/strong> sammalt hvetemel, finmalt\n\t\t\t<\/div>\n\t\t\t\n\t\t<\/div>\n\n\t\t<div class=\"mills-block-recipe-ingredients-list-ingredient wp-block-mills-recipe-ingredients-list-ingredient\">\n\t\t\t<div class=\"mills-block-recipe-ingredients-list-ingredient-inner\">\n\t\t\t\t<strong><span class=\"mills-block-recipe-ingredients-list-ingredient-value\" data-default=\"400\">400<\/span> gram<\/strong> hvetemel\n\t\t\t<\/div>\n\t\t\t\n\t\t<\/div>\n\n\t\t<div class=\"mills-block-recipe-ingredients-list-ingredient wp-block-mills-recipe-ingredients-list-ingredient\">\n\t\t\t<div class=\"mills-block-recipe-ingredients-list-ingredient-inner\">\n\t\t\t\t<strong><span class=\"mills-block-recipe-ingredients-list-ingredient-value\" data-default=\"1\">1<\/span> pk<\/strong> t\u00f8rrgj\u00e6r\n\t\t\t<\/div>\n\t\t\t\n\t\t<\/div>\n\n\t\t<div class=\"mills-block-recipe-ingredients-list-ingredient wp-block-mills-recipe-ingredients-list-ingredient\">\n\t\t\t<div class=\"mills-block-recipe-ingredients-list-ingredient-inner\">\n\t\t\t\t<strong><span class=\"mills-block-recipe-ingredients-list-ingredient-value\" data-default=\"1\">1<\/span> ts<\/strong> salt\n\t\t\t<\/div>\n\t\t\t\n\t\t<\/div>\n\n\t\t<div class=\"mills-block-recipe-ingredients-list-ingredient wp-block-mills-recipe-ingredients-list-ingredient\">\n\t\t\t<div class=\"mills-block-recipe-ingredients-list-ingredient-inner\">\n\t\t\t\t<strong><span class=\"mills-block-recipe-ingredients-list-ingredient-value\" data-default=\"4\">4<\/span> dl<\/strong> vann\n\t\t\t<\/div>\n\t\t\t\n\t\t<\/div>\n\n\t\t<div class=\"mills-block-recipe-ingredients-list-ingredient wp-block-mills-recipe-ingredients-list-ingredient\">\n\t\t\t<div class=\"mills-block-recipe-ingredients-list-ingredient-inner\">\n\t\t\t\t<strong><span class=\"mills-block-recipe-ingredients-list-ingredient-value\" data-default=\"3\">3<\/span> dl<\/strong> yoghurt naturell\n\t\t\t<\/div>\n\t\t\t\n\t\t<\/div>\n\n\t\t<div class=\"mills-block-recipe-ingredients-list-ingredient wp-block-mills-recipe-ingredients-list-ingredient\">\n\t\t\t<div class=\"mills-block-recipe-ingredients-list-ingredient-inner\">\n\t\t\t\t<strong><span class=\"mills-block-recipe-ingredients-list-ingredient-value\" data-default=\"2\">2<\/span> ts<\/strong> honning\n\t\t\t<\/div>\n\t\t\t\n\t\t<\/div>\n\n\t\t<div class=\"mills-block-recipe-ingredients-list-ingredient wp-block-mills-recipe-ingredients-list-ingredient\">\n\t\t\t<div class=\"mills-block-recipe-ingredients-list-ingredient-inner\">\n\t\t\t\t<strong><span class=\"mills-block-recipe-ingredients-list-ingredient-value\" data-default=\"2\">2<\/span> ss<\/strong> solsikkefr\u00f8\n\t\t\t<\/div>\n\t\t\t\n\t\t<\/div>\n\n\t\t\t\t<\/div>\n\t\t\t<\/div>\n\t\t<\/div>\n\n\t\t\t\t\t<\/div>\n\t\t\t\t<\/div>\n\t\t\t<\/div>\n\t\t\t\n\t\t<\/div>\n<\/div>\n\n<div class=\"wp-block-column is-layout-flow wp-block-column-is-layout-flow\" style=\"flex-basis: 60%;\">\n<h2 class=\"wp-block-heading\" >Slik gj\u00f8r du<\/h2>\n\n<div class=\"wp-block-group is-layout-flow wp-block-group-is-layout-flow\">\n\t\t<div class=\"wp-block-mills-recipe-instructions\">\n\t\t\t\n\t\t\t<div class=\"mills-block-recipe-instructions-steps\">\n\t\t\t\t\n\n\t\t<a href=\"#step-1\" id=\"step-1\" class=\"mills-block-recipe-instructions-step wp-block-mills-recipe-instructions-step\" onClick=\"return false;\">\n\t\t\t<div class=\"mills-block-recipe-instructions-step-left\">\n\t\t\t\t<div class=\"mills-block-recipe-instructions-step-indicator\">\n\t\t\t\t\t<div class=\"mills-block-recipe-instructions-step-checked\"><\/div>\n\t\t\t\t<\/div>\n\t\t\t<\/div>\n\t\t\t<div class=\"mills-block-recipe-instructions-step-inner\">\n\t\t\t\t<div class=\"mills-block-recipe-instructions-step-inner-body\">\n\t\t\t\t\t<p class=\"has-text-color has-neutral-1000-color\">1. Bland sammen sammalt hvetemel, hvetemel, t\u00f8rrgj\u00e6r og salt i en bakebolle. Tilsett vann, yoghurt og honning, og elt ingrediensene i en kj\u00f8kkenmaskin i 15 minutter eller til du har en glatt deig som slipper bollen.<\/p>\n\n\t\t\t\t<\/div>\n\t\t\t<\/div>\n\t\t<\/a>\n\n\t\t<a href=\"#step-2\" id=\"step-2\" class=\"mills-block-recipe-instructions-step wp-block-mills-recipe-instructions-step\" onClick=\"return false;\">\n\t\t\t<div class=\"mills-block-recipe-instructions-step-left\">\n\t\t\t\t<div class=\"mills-block-recipe-instructions-step-indicator\">\n\t\t\t\t\t<div class=\"mills-block-recipe-instructions-step-checked\"><\/div>\n\t\t\t\t<\/div>\n\t\t\t<\/div>\n\t\t\t<div class=\"mills-block-recipe-instructions-step-inner\">\n\t\t\t\t<div class=\"mills-block-recipe-instructions-step-inner-body\">\n\t\t\t\t\t<p class=\"has-text-color has-neutral-1000-color\">2. Dekk til bollen med et fuktig kj\u00f8kkenh\u00e5ndkle eller plast, og la den heve til den har doblet i st\u00f8rrelse, ca. 1 time.<\/p>\n\n\t\t\t\t<\/div>\n\t\t\t<\/div>\n\t\t<\/a>\n\n\t\t<a href=\"#step-3\" id=\"step-3\" class=\"mills-block-recipe-instructions-step wp-block-mills-recipe-instructions-step\" onClick=\"return false;\">\n\t\t\t<div class=\"mills-block-recipe-instructions-step-left\">\n\t\t\t\t<div class=\"mills-block-recipe-instructions-step-indicator\">\n\t\t\t\t\t<div class=\"mills-block-recipe-instructions-step-checked\"><\/div>\n\t\t\t\t<\/div>\n\t\t\t<\/div>\n\t\t\t<div class=\"mills-block-recipe-instructions-step-inner\">\n\t\t\t\t<div class=\"mills-block-recipe-instructions-step-inner-body\">\n\t\t\t\t\t<p class=\"has-text-color has-neutral-1000-color\">3. Ha deigen over i en langpanne med bakepapir (35\u00d725 cm) og trykk den ut i formen. Bruk en kniv eller pizzaskj\u00e6rer og del deigen opp i like store deler, for eksempel 4\u00d73.<\/p>\n\n\t\t\t\t<\/div>\n\t\t\t<\/div>\n\t\t<\/a>\n\n\t\t<a href=\"#step-4\" id=\"step-4\" class=\"mills-block-recipe-instructions-step wp-block-mills-recipe-instructions-step\" onClick=\"return false;\">\n\t\t\t<div class=\"mills-block-recipe-instructions-step-left\">\n\t\t\t\t<div class=\"mills-block-recipe-instructions-step-indicator\">\n\t\t\t\t\t<div class=\"mills-block-recipe-instructions-step-checked\"><\/div>\n\t\t\t\t<\/div>\n\t\t\t<\/div>\n\t\t\t<div class=\"mills-block-recipe-instructions-step-inner\">\n\t\t\t\t<div class=\"mills-block-recipe-instructions-step-inner-body\">\n\t\t\t\t\t<p class=\"has-text-color has-neutral-1000-color\">4. Dekk til langpannen med et kj\u00f8kkenh\u00e5ndkle og la deigen heve i 45 minutter.<\/p>\n\n\t\t\t\t<\/div>\n\t\t\t<\/div>\n\t\t<\/a>\n\n\t\t<a href=\"#step-5\" id=\"step-5\" class=\"mills-block-recipe-instructions-step wp-block-mills-recipe-instructions-step\" onClick=\"return false;\">\n\t\t\t<div class=\"mills-block-recipe-instructions-step-left\">\n\t\t\t\t<div class=\"mills-block-recipe-instructions-step-indicator\">\n\t\t\t\t\t<div class=\"mills-block-recipe-instructions-step-checked\"><\/div>\n\t\t\t\t<\/div>\n\t\t\t<\/div>\n\t\t\t<div class=\"mills-block-recipe-instructions-step-inner\">\n\t\t\t\t<div class=\"mills-block-recipe-instructions-step-inner-body\">\n\t\t\t\t\t<p class=\"has-text-color has-neutral-1000-color\">5. Varm opp stekeovnen til 200 grader.<\/p>\n\n\t\t\t\t<\/div>\n\t\t\t<\/div>\n\t\t<\/a>\n\n\t\t<a href=\"#step-6\" id=\"step-6\" class=\"mills-block-recipe-instructions-step wp-block-mills-recipe-instructions-step\" onClick=\"return false;\">\n\t\t\t<div class=\"mills-block-recipe-instructions-step-left\">\n\t\t\t\t<div class=\"mills-block-recipe-instructions-step-indicator\">\n\t\t\t\t\t<div class=\"mills-block-recipe-instructions-step-checked\"><\/div>\n\t\t\t\t<\/div>\n\t\t\t<\/div>\n\t\t\t<div class=\"mills-block-recipe-instructions-step-inner\">\n\t\t\t\t<div class=\"mills-block-recipe-instructions-step-inner-body\">\n\t\t\t\t\t<p class=\"has-text-color has-neutral-1000-color\">6. Pensle deigen med vann og dryss over solsikkefr\u00f8.<\/p>\n\n\t\t\t\t<\/div>\n\t\t\t<\/div>\n\t\t<\/a>\n\n\t\t<a href=\"#step-7\" id=\"step-7\" class=\"mills-block-recipe-instructions-step wp-block-mills-recipe-instructions-step\" onClick=\"return false;\">\n\t\t\t<div class=\"mills-block-recipe-instructions-step-left\">\n\t\t\t\t<div class=\"mills-block-recipe-instructions-step-indicator\">\n\t\t\t\t\t<div class=\"mills-block-recipe-instructions-step-checked\"><\/div>\n\t\t\t\t<\/div>\n\t\t\t<\/div>\n\t\t\t<div class=\"mills-block-recipe-instructions-step-inner\">\n\t\t\t\t<div class=\"mills-block-recipe-instructions-step-inner-body\">\n\t\t\t\t\t<p class=\"has-text-color has-neutral-1000-color\">7. Stek langpannebr\u00f8det p\u00e5 midterste rille i ovnen i 25 minutter, eller til det har f\u00e5tt en gyllen farge.<\/p>\n\n\t\t\t\t<\/div>\n\t\t\t<\/div>\n\t\t<\/a>\n\n\t\t<a href=\"#step-8\" id=\"step-8\" class=\"mills-block-recipe-instructions-step wp-block-mills-recipe-instructions-step\" onClick=\"return false;\">\n\t\t\t<div class=\"mills-block-recipe-instructions-step-left\">\n\t\t\t\t<div class=\"mills-block-recipe-instructions-step-indicator\">\n\t\t\t\t\t<div class=\"mills-block-recipe-instructions-step-checked\"><\/div>\n\t\t\t\t<\/div>\n\t\t\t<\/div>\n\t\t\t<div class=\"mills-block-recipe-instructions-step-inner\">\n\t\t\t\t<div class=\"mills-block-recipe-instructions-step-inner-body\">\n\t\t\t\t\t<p class=\"has-text-color has-neutral-1000-color\">8. La langpannebr\u00f8det hvile i 10 minutter f\u00f8r du serverer det rykende ferskt med ditt favorittp\u00e5legg.<\/p>\n\n\t\t\t\t<\/div>\n\t\t\t<\/div>\n\t\t<\/a>\n\n\t\t\t<\/div>\n\t\t<\/div>\n<\/div>\n\n\t\t<div id=\"post-rating\" class=\"wp-block-mills-block-recipe-rating\">\n\t\t\t<div class=\"mills-block-recipe-rating-title\">Hva synes du om oppskriften?<\/div>\n\t\t\t<div class=\"mills-block-recipe-rating-stars\">\n\t\t\t\t<div class=\"mills-block-recipe-rating-star\"><\/div>\n\t\t\t\t<div class=\"mills-block-recipe-rating-star\"><\/div>\n\t\t\t\t<div class=\"mills-block-recipe-rating-star\"><\/div>\n\t\t\t\t<div class=\"mills-block-recipe-rating-star\"><\/div>\n\t\t\t\t<div class=\"mills-block-recipe-rating-star\"><\/div>\n\t\t\t<\/div>\n\t\t<\/div>\n<\/div>\n<\/div>\n\n\t\t\t<\/div>\n\t\t<\/div>\n\n\t\t<div class=\"has-background has-neutral-0-background-color is-style-vertical-spacing is-style-horizontal-spacing alignwide wp-block-mills-section has-background has-neutral-0-background-color\">\n\t\t\t<div class=\"wp-block-mills-section__inner alignwide\">\n\t\t\t\t\n<div class=\"alignwide wp-block-mills-comments\"><\/div>\n\n\t\t\t<\/div>\n\t\t<\/div>\n\n\t\t<div class=\"has-background has-secondary-background-color is-style-vertical-spacing is-style-horizontal-spacing alignwide is-section-related alignwide wp-block-mills-section has-background has-secondary-background-color\">\n\t\t\t<div class=\"wp-block-mills-section__inner alignwide\">\n\t\t\t\t\n\n<h3 class=\"wp-block-heading\" >Relaterte oppskrifter<\/h3>\n<div class=\"t2-featured-content-layout alignwide alignwide wp-block-t2-featured-content-layout\" role=\"list\">\n<div class=\"t2-featured-single-post t2-featured-content is-post-type-recipe brand-soft-flora recipe_category-bakst-og-brod recipe_category-frokost-og-lunsj wp-block-t2-featured-single-post\" role=\"listitem\"><a class=\"t2-post-link wp-block-t2-post-link\" href=\"https:\/\/mills.no\/soft-flora\/oppskrift\/eltefritt-brod-til-matpakken\/\">\n<figure style=\"--t2-focal-point: 50% 50%;\" class=\"t2-post-featured-image has-image-ratio-16-9 wp-block-t2-post-featured-image\"><img loading=\"lazy\" decoding=\"async\" width=\"1920\" height=\"930\" src=\"https:\/\/mills.no\/content\/uploads\/2016\/10\/matpakkebrC3B8d-pC3A5smurt_1920.jpg\" class=\"attachment-medium-large size-medium-large wp-post-image\" alt=\"Eltefritt br\u00f8d til matpakken, p\u00e5smurt med gulost\" srcset=\"https:\/\/mills.no\/content\/uploads\/2016\/10\/matpakkebrC3B8d-pC3A5smurt_1920.jpg 1920w, https:\/\/mills.no\/content\/uploads\/2016\/10\/matpakkebrC3B8d-pC3A5smurt_1920-300x145.jpg 300w, https:\/\/mills.no\/content\/uploads\/2016\/10\/matpakkebrC3B8d-pC3A5smurt_1920-1024x496.jpg 1024w, https:\/\/mills.no\/content\/uploads\/2016\/10\/matpakkebrC3B8d-pC3A5smurt_1920-768x372.jpg 768w, https:\/\/mills.no\/content\/uploads\/2016\/10\/matpakkebrC3B8d-pC3A5smurt_1920-1536x744.jpg 1536w, https:\/\/mills.no\/content\/uploads\/2016\/10\/matpakkebrC3B8d-pC3A5smurt_1920-80x39.jpg 80w\" sizes=\"auto, (max-width: 1920px) 100vw, 1920px\" \/><\/figure>\n\n<div class=\"wp-block-group alignfull is-layout-flow wp-block-group-is-layout-flow\">\n\t<h2 class=\"t2-post-title wp-block-t2-post-title\">Eltefritt br\u00f8d til matpakken<\/h2>\n\t<div class=\"t2-post-excerpt wp-block-t2-post-excerpt\"><p>Eltefritt br\u00f8d som verken trenger knaing eller langtidsheving. Resultatet er et nydelig, saftig og mettende matpakkebr\u00f8d med mye smak. Br\u00f8det&hellip;<\/p><\/div>\n\t\n\t\t<div class=\"wp-block-mills-block-recipe-info\">\n\t\t\t<div class=\"mills-block-recipe-info-item mills-block-recipe-info-item--difficulty\">Enkel<\/div>\n\t\t\t<div class=\"mills-block-recipe-info-item mills-block-recipe-info-item--time\">2 t<\/div>\n\t\t<\/div>\n<\/div>\n\n<\/a>\n<\/div>\n<div class=\"t2-featured-single-post t2-featured-content is-post-type-recipe brand-soft-flora recipe_category-bakst-og-brod recipe_category-frokost-og-lunsj recipe_topic-brodmat recipe_topic-gjaerbakst wp-block-t2-featured-single-post\" role=\"listitem\"><a class=\"t2-post-link wp-block-t2-post-link\" href=\"https:\/\/mills.no\/soft-flora\/oppskrift\/gulrotbrod\/\">\n<figure style=\"--t2-focal-point: 50% 50%;\" class=\"t2-post-featured-image has-image-ratio-16-9 wp-block-t2-post-featured-image\"><img loading=\"lazy\" decoding=\"async\" width=\"1920\" height=\"1280\" src=\"https:\/\/mills.no\/content\/uploads\/2017\/11\/Eltefritt-gulrotbrC3B8d_1920.jpg\" class=\"attachment-medium-large size-medium-large wp-post-image\" alt=\"Eltefritt gulrotbr\u00f8d\" srcset=\"https:\/\/mills.no\/content\/uploads\/2017\/11\/Eltefritt-gulrotbrC3B8d_1920.jpg 1920w, https:\/\/mills.no\/content\/uploads\/2017\/11\/Eltefritt-gulrotbrC3B8d_1920-300x200.jpg 300w, https:\/\/mills.no\/content\/uploads\/2017\/11\/Eltefritt-gulrotbrC3B8d_1920-1024x683.jpg 1024w, https:\/\/mills.no\/content\/uploads\/2017\/11\/Eltefritt-gulrotbrC3B8d_1920-768x512.jpg 768w, https:\/\/mills.no\/content\/uploads\/2017\/11\/Eltefritt-gulrotbrC3B8d_1920-1536x1024.jpg 1536w, https:\/\/mills.no\/content\/uploads\/2017\/11\/Eltefritt-gulrotbrC3B8d_1920-80x53.jpg 80w\" sizes=\"auto, (max-width: 1920px) 100vw, 1920px\" \/><\/figure>\n\n<div class=\"wp-block-group alignfull is-layout-flow wp-block-group-is-layout-flow\">\n\t<h2 class=\"t2-post-title wp-block-t2-post-title\">Eltefritt gulrotbr\u00f8d<\/h2>\n\t<div class=\"t2-post-excerpt wp-block-t2-post-excerpt\"><p>Det finnes flere grunner til \u00e5 tilsette litt revet gulrot i br\u00f8det. Gulroten gir en nydelig s\u00f8tlig smak p\u00e5 br\u00f8det,&hellip;<\/p><\/div>\n\t\n\t\t<div class=\"wp-block-mills-block-recipe-info\">\n\t\t\t<div class=\"mills-block-recipe-info-item mills-block-recipe-info-item--difficulty\">Enkel<\/div>\n\t\t\t<div class=\"mills-block-recipe-info-item mills-block-recipe-info-item--time\">1 t 50 min<\/div>\n\t\t<\/div>\n<\/div>\n\n<\/a>\n<\/div>\n<div class=\"t2-featured-single-post t2-featured-content is-post-type-recipe brand-soft-flora recipe_category-bakst-og-brod recipe_category-frokost-og-lunsj recipe_category-maltider recipe_topic-brodmat recipe_topic-gjaerbakst wp-block-t2-featured-single-post\" role=\"listitem\"><a class=\"t2-post-link wp-block-t2-post-link\" href=\"https:\/\/mills.no\/soft-flora\/oppskrift\/eltefrie-havrerundstykker\/\">\n<figure style=\"--t2-focal-point: 50% 50%;\" class=\"t2-post-featured-image has-image-ratio-16-9 wp-block-t2-post-featured-image\"><img loading=\"lazy\" decoding=\"async\" width=\"1920\" height=\"1280\" src=\"https:\/\/mills.no\/content\/uploads\/2018\/02\/Eltefrie-havrerundstykker_1920.jpg\" class=\"attachment-medium-large size-medium-large wp-post-image\" alt=\"havrerundstykker\" srcset=\"https:\/\/mills.no\/content\/uploads\/2018\/02\/Eltefrie-havrerundstykker_1920.jpg 1920w, https:\/\/mills.no\/content\/uploads\/2018\/02\/Eltefrie-havrerundstykker_1920-300x200.jpg 300w, https:\/\/mills.no\/content\/uploads\/2018\/02\/Eltefrie-havrerundstykker_1920-1024x683.jpg 1024w, https:\/\/mills.no\/content\/uploads\/2018\/02\/Eltefrie-havrerundstykker_1920-768x512.jpg 768w, https:\/\/mills.no\/content\/uploads\/2018\/02\/Eltefrie-havrerundstykker_1920-1536x1024.jpg 1536w, https:\/\/mills.no\/content\/uploads\/2018\/02\/Eltefrie-havrerundstykker_1920-80x53.jpg 80w\" sizes=\"auto, (max-width: 1920px) 100vw, 1920px\" \/><\/figure>\n\n<div class=\"wp-block-group alignfull is-layout-flow wp-block-group-is-layout-flow\">\n\t<h2 class=\"t2-post-title wp-block-t2-post-title\">Eltefrie havrerundstykker<\/h2>\n\t<div class=\"t2-post-excerpt wp-block-t2-post-excerpt\"><p>Disse havrerundstykkene har en vidunderlig n\u00f8tteaktig smak, takket v\u00e6re havregrynene. De er dessuten eltefrie og har f\u00e5 ingredienser, slik at&hellip;<\/p><\/div>\n\t\n\t\t<div class=\"wp-block-mills-block-recipe-info\">\n\t\t\t<div class=\"mills-block-recipe-info-item mills-block-recipe-info-item--difficulty\">Enkel<\/div>\n\t\t\t<div class=\"mills-block-recipe-info-item mills-block-recipe-info-item--time\">1 t 50 min<\/div>\n\t\t<\/div>\n<\/div>\n\n<\/a>\n<\/div>\n<\/div>\n\n\t\t\t<\/div>\n\t\t<\/div>","protected":false},"excerpt":{"rendered":"<p>Med et langpannebr\u00f8d er det enkelt \u00e5 lage ferskt br\u00f8d til b\u00e5de store og sm\u00e5. Dette langpannebr\u00f8det er laget med&hellip;<\/p>\n","protected":false},"featured_media":0,"menu_order":0,"comment_status":"open","ping_status":"closed","template":"","meta":{"_searchwp_excluded":"","hide_post_title":false,"mills_central_time":0,"mills_central_difficulty":0,"mills_central_rating":0,"footnotes":""},"brand":[],"recipe_category":[],"recipe_topic":[],"class_list":["post-33616","recipe","type-recipe","status-publish","hentry"],"yoast_head":"<!-- This site is optimized with the Yoast SEO Premium plugin v26.9 (Yoast SEO v26.9) - https:\/\/yoast.com\/product\/yoast-seo-premium-wordpress\/ -->\n<title>Grovt langpannebr\u00f8d med yoghurt og solsikkefr\u00f8 - Soft Flora<\/title>\n<meta name=\"robots\" content=\"index, follow, max-snippet:-1, max-image-preview:large, max-video-preview:-1\" \/>\n<link rel=\"canonical\" href=\"https:\/\/mills.no\/soft-flora\/oppskrift\/grovt-langpannebrod-med-yoghurt-og-solsikkefro\/\" \/>\n<meta property=\"og:locale\" content=\"nb_NO\" \/>\n<meta property=\"og:type\" content=\"article\" \/>\n<meta property=\"og:title\" content=\"Grovt langpannebr\u00f8d med yoghurt og solsikkefr\u00f8\" \/>\n<meta property=\"og:description\" content=\"Med et langpannebr\u00f8d er det enkelt \u00e5 lage ferskt br\u00f8d til b\u00e5de store og sm\u00e5. Dette langpannebr\u00f8det er laget med&hellip;\" \/>\n<meta property=\"og:url\" content=\"https:\/\/mills.no\/soft-flora\/oppskrift\/grovt-langpannebrod-med-yoghurt-og-solsikkefro\/\" \/>\n<meta property=\"og:site_name\" content=\"Soft Flora\" \/>\n<meta property=\"article:modified_time\" content=\"2024-02-07T08:05:20+00:00\" \/>\n<meta name=\"twitter:card\" content=\"summary_large_image\" \/>\n<meta name=\"twitter:label1\" content=\"Ansl. lesetid\" \/>\n\t<meta name=\"twitter:data1\" content=\"1 minutt\" \/>\n<script type=\"application\/ld+json\" class=\"yoast-schema-graph\">{\"@context\":\"https:\/\/schema.org\",\"@graph\":[{\"@type\":\"WebPage\",\"@id\":\"https:\/\/mills.no\/soft-flora\/oppskrift\/grovt-langpannebrod-med-yoghurt-og-solsikkefro\/\",\"url\":\"https:\/\/mills.no\/soft-flora\/oppskrift\/grovt-langpannebrod-med-yoghurt-og-solsikkefro\/\",\"name\":\"Grovt langpannebr\u00f8d med yoghurt og solsikkefr\u00f8 - Soft Flora\",\"isPartOf\":{\"@id\":\"https:\/\/mills.no\/soft-flora\/#website\"},\"datePublished\":\"2019-02-17T17:27:58+00:00\",\"dateModified\":\"2024-02-07T08:05:20+00:00\",\"breadcrumb\":{\"@id\":\"https:\/\/mills.no\/soft-flora\/oppskrift\/grovt-langpannebrod-med-yoghurt-og-solsikkefro\/#breadcrumb\"},\"inLanguage\":\"nb-NO\",\"potentialAction\":[{\"@type\":\"ReadAction\",\"target\":[\"https:\/\/mills.no\/soft-flora\/oppskrift\/grovt-langpannebrod-med-yoghurt-og-solsikkefro\/\"]}]},{\"@type\":\"BreadcrumbList\",\"@id\":\"https:\/\/mills.no\/soft-flora\/oppskrift\/grovt-langpannebrod-med-yoghurt-og-solsikkefro\/#breadcrumb\",\"itemListElement\":[{\"@type\":\"ListItem\",\"position\":1,\"name\":\"Home\",\"item\":\"https:\/\/mills.no\/soft-flora\/\"},{\"@type\":\"ListItem\",\"position\":2,\"name\":\"Oppskrifter\",\"item\":\"https:\/\/mills.no\/soft-flora\/oppskrifter\/\"},{\"@type\":\"ListItem\",\"position\":3,\"name\":\"Grovt langpannebr\u00f8d med yoghurt og solsikkefr\u00f8\"}]},{\"@type\":\"WebSite\",\"@id\":\"https:\/\/mills.no\/soft-flora\/#website\",\"url\":\"https:\/\/mills.no\/soft-flora\/\",\"name\":\"Soft Flora\",\"description\":\"En naturlig familiefavoritt\",\"publisher\":{\"@id\":\"https:\/\/mills.no\/soft-flora\/#organization\"},\"potentialAction\":[{\"@type\":\"SearchAction\",\"target\":{\"@type\":\"EntryPoint\",\"urlTemplate\":\"https:\/\/mills.no\/soft-flora\/?s={search_term_string}\"},\"query-input\":{\"@type\":\"PropertyValueSpecification\",\"valueRequired\":true,\"valueName\":\"search_term_string\"}}],\"inLanguage\":\"nb-NO\"},{\"@type\":\"Organization\",\"@id\":\"https:\/\/mills.no\/soft-flora\/#organization\",\"name\":\"Soft Flora\",\"url\":\"https:\/\/mills.no\/soft-flora\/\",\"logo\":{\"@type\":\"ImageObject\",\"inLanguage\":\"nb-NO\",\"@id\":\"https:\/\/mills.no\/soft-flora\/#\/schema\/logo\/image\/\",\"url\":\"https:\/\/mills.no\/content\/uploads\/sites\/6\/2023\/08\/Soft-Flora_hovedlogo_1.svg\",\"contentUrl\":\"https:\/\/mills.no\/content\/uploads\/sites\/6\/2023\/08\/Soft-Flora_hovedlogo_1.svg\",\"caption\":\"Soft Flora\"},\"image\":{\"@id\":\"https:\/\/mills.no\/soft-flora\/#\/schema\/logo\/image\/\"}}]}<\/script>\n<!-- \/ Yoast SEO Premium plugin. -->","yoast_head_json":{"title":"Grovt langpannebr\u00f8d med yoghurt og solsikkefr\u00f8 - Soft Flora","robots":{"index":"index","follow":"follow","max-snippet":"max-snippet:-1","max-image-preview":"max-image-preview:large","max-video-preview":"max-video-preview:-1"},"canonical":"https:\/\/mills.no\/soft-flora\/oppskrift\/grovt-langpannebrod-med-yoghurt-og-solsikkefro\/","og_locale":"nb_NO","og_type":"article","og_title":"Grovt langpannebr\u00f8d med yoghurt og solsikkefr\u00f8","og_description":"Med et langpannebr\u00f8d er det enkelt \u00e5 lage ferskt br\u00f8d til b\u00e5de store og sm\u00e5. Dette langpannebr\u00f8det er laget med&hellip;","og_url":"https:\/\/mills.no\/soft-flora\/oppskrift\/grovt-langpannebrod-med-yoghurt-og-solsikkefro\/","og_site_name":"Soft Flora","article_modified_time":"2024-02-07T08:05:20+00:00","twitter_card":"summary_large_image","twitter_misc":{"Ansl. lesetid":"1 minutt"},"schema":{"@context":"https:\/\/schema.org","@graph":[{"@type":"WebPage","@id":"https:\/\/mills.no\/soft-flora\/oppskrift\/grovt-langpannebrod-med-yoghurt-og-solsikkefro\/","url":"https:\/\/mills.no\/soft-flora\/oppskrift\/grovt-langpannebrod-med-yoghurt-og-solsikkefro\/","name":"Grovt langpannebr\u00f8d med yoghurt og solsikkefr\u00f8 - Soft Flora","isPartOf":{"@id":"https:\/\/mills.no\/soft-flora\/#website"},"datePublished":"2019-02-17T17:27:58+00:00","dateModified":"2024-02-07T08:05:20+00:00","breadcrumb":{"@id":"https:\/\/mills.no\/soft-flora\/oppskrift\/grovt-langpannebrod-med-yoghurt-og-solsikkefro\/#breadcrumb"},"inLanguage":"nb-NO","potentialAction":[{"@type":"ReadAction","target":["https:\/\/mills.no\/soft-flora\/oppskrift\/grovt-langpannebrod-med-yoghurt-og-solsikkefro\/"]}]},{"@type":"BreadcrumbList","@id":"https:\/\/mills.no\/soft-flora\/oppskrift\/grovt-langpannebrod-med-yoghurt-og-solsikkefro\/#breadcrumb","itemListElement":[{"@type":"ListItem","position":1,"name":"Home","item":"https:\/\/mills.no\/soft-flora\/"},{"@type":"ListItem","position":2,"name":"Oppskrifter","item":"https:\/\/mills.no\/soft-flora\/oppskrifter\/"},{"@type":"ListItem","position":3,"name":"Grovt langpannebr\u00f8d med yoghurt og solsikkefr\u00f8"}]},{"@type":"WebSite","@id":"https:\/\/mills.no\/soft-flora\/#website","url":"https:\/\/mills.no\/soft-flora\/","name":"Soft Flora","description":"En naturlig familiefavoritt","publisher":{"@id":"https:\/\/mills.no\/soft-flora\/#organization"},"potentialAction":[{"@type":"SearchAction","target":{"@type":"EntryPoint","urlTemplate":"https:\/\/mills.no\/soft-flora\/?s={search_term_string}"},"query-input":{"@type":"PropertyValueSpecification","valueRequired":true,"valueName":"search_term_string"}}],"inLanguage":"nb-NO"},{"@type":"Organization","@id":"https:\/\/mills.no\/soft-flora\/#organization","name":"Soft Flora","url":"https:\/\/mills.no\/soft-flora\/","logo":{"@type":"ImageObject","inLanguage":"nb-NO","@id":"https:\/\/mills.no\/soft-flora\/#\/schema\/logo\/image\/","url":"https:\/\/mills.no\/content\/uploads\/sites\/6\/2023\/08\/Soft-Flora_hovedlogo_1.svg","contentUrl":"https:\/\/mills.no\/content\/uploads\/sites\/6\/2023\/08\/Soft-Flora_hovedlogo_1.svg","caption":"Soft Flora"},"image":{"@id":"https:\/\/mills.no\/soft-flora\/#\/schema\/logo\/image\/"}}]}},"_links":{"self":[{"href":"https:\/\/mills.no\/soft-flora\/wp-json\/wp\/v2\/recipe\/33616","targetHints":{"allow":["GET"]}}],"collection":[{"href":"https:\/\/mills.no\/soft-flora\/wp-json\/wp\/v2\/recipe"}],"about":[{"href":"https:\/\/mills.no\/soft-flora\/wp-json\/wp\/v2\/types\/recipe"}],"replies":[{"embeddable":true,"href":"https:\/\/mills.no\/soft-flora\/wp-json\/wp\/v2\/comments?post=33616"}],"version-history":[{"count":0,"href":"https:\/\/mills.no\/soft-flora\/wp-json\/wp\/v2\/recipe\/33616\/revisions"}],"wp:attachment":[{"href":"https:\/\/mills.no\/soft-flora\/wp-json\/wp\/v2\/media?parent=33616"}],"wp:term":[{"taxonomy":"brand","embeddable":true,"href":"https:\/\/mills.no\/soft-flora\/wp-json\/wp\/v2\/brand?post=33616"},{"taxonomy":"recipe_category","embeddable":true,"href":"https:\/\/mills.no\/soft-flora\/wp-json\/wp\/v2\/recipe_category?post=33616"},{"taxonomy":"recipe_topic","embeddable":true,"href":"https:\/\/mills.no\/soft-flora\/wp-json\/wp\/v2\/recipe_topic?post=33616"}],"curies":[{"name":"wp","href":"https:\/\/api.w.org\/{rel}","templated":true}]}}